{"id":1815,"date":"2013-10-17T12:36:34","date_gmt":"2013-10-17T12:36:34","guid":{"rendered":"http:\/\/demo.qodeinteractive.com\/bridge48\/?page_id=1815"},"modified":"2022-04-27T19:37:54","modified_gmt":"2022-04-27T19:37:54","slug":"news","status":"publish","type":"page","link":"https:\/\/www.caseificiocastellan.it\/en\/news\/","title":{"rendered":"Cose Nuove"},"content":{"rendered":"<p>[vc_row css_animation=&#8221;&#8221; row_type=&#8221;row&#8221; use_row_as_full_screen_section=&#8221;no&#8221; type=&#8221;full_width&#8221; angled_section=&#8221;no&#8221; text_align=&#8221;left&#8221; background_image_as_pattern=&#8221;without_pattern&#8221; z_index=&#8221;&#8221; css=&#8221;.vc_custom_1547052317407{background-color: #ffffff !important;}&#8221;][vc_column]<div class='q_masonry_blog'><div class=\"q_masonry_blog_grid_sizer\"><\/div><div class=\"q_masonry_blog_grid_gutter\"><\/div><article  class='post-23903 post type-post status-publish format-standard has-post-thumbnail hentry category-fiere-e-manifestazioni '><div class=\"q_masonry_blog_post_image\"><a itemprop=\"url\" href=\"https:\/\/www.caseificiocastellan.it\/en\/caseificio-castellan-olivetti\/\" target=\"_self\"><img decoding=\"async\" itemprop=\"image\" src=\"https:\/\/www.caseificiocastellan.it\/wp-content\/uploads\/2026\/04\/MBA_Olivetti_Poster_A3_260318-a.jpg\" \/><\/a><\/div><div class=\"q_masonry_blog_post_text\"><h5 itemprop=\"name\" class=\"q_masonry_blog_title entry_title\"><a itemprop=\"url\" href=\"https:\/\/www.caseificiocastellan.it\/en\/caseificio-castellan-olivetti\/\">Attribuzione Rating di legalit\u00e0 al Caseificio Castellan Urbano<\/a><\/h5><p itemprop=\"description\" class=\"q_masonry_blog_excerpt\">L'Autorit\u00e0 Garante della Concorrenza e del Mercato ha deliberato l'attribuzione al Caseificio Castellan Urbano Sas del Rating di legalit\u00e0...<\/p><div class=\"q_masonry_blog_post_info\"><span itemprop=\"dateCreated\" class=\"time entry_date updated\">20 April, 2026<meta itemprop=\"interactionCount\" content=\"UserComments: <?php echo get_comments_number(qode_get_page_id()); ?>\"\/><\/span><\/div><\/div><\/article><article  class='post-23886 post type-post status-publish format-standard has-post-thumbnail hentry category-fiere-e-manifestazioni '><div class=\"q_masonry_blog_post_image\"><a itemprop=\"url\" href=\"https:\/\/www.caseificiocastellan.it\/en\/caseificio-castellan-a-tuttofood-2026\/\" target=\"_self\"><img decoding=\"async\" itemprop=\"image\" src=\"https:\/\/www.caseificiocastellan.it\/wp-content\/uploads\/2026\/04\/Caseificio-Castellan-TuttoFood_.jpg\" \/><\/a><\/div><div class=\"q_masonry_blog_post_text\"><h5 itemprop=\"name\" class=\"q_masonry_blog_title entry_title\"><a itemprop=\"url\" href=\"https:\/\/www.caseificiocastellan.it\/en\/caseificio-castellan-a-tuttofood-2026\/\">Attribuzione Rating di legalit\u00e0 al Caseificio Castellan Urbano<\/a><\/h5><p itemprop=\"description\" class=\"q_masonry_blog_excerpt\">L'Autorit\u00e0 Garante della Concorrenza e del Mercato ha deliberato l'attribuzione al Caseificio Castellan Urbano Sas del Rating di legalit\u00e0...<\/p><div class=\"q_masonry_blog_post_info\"><span itemprop=\"dateCreated\" class=\"time entry_date updated\">19 April, 2026<meta itemprop=\"interactionCount\" content=\"UserComments: <?php echo get_comments_number(qode_get_page_id()); ?>\"\/><\/span><\/div><\/div><\/article><article  class='post-23801 post type-post status-publish format-standard has-post-thumbnail hentry category-fiere-e-manifestazioni '><div class=\"q_masonry_blog_post_image\"><a itemprop=\"url\" href=\"https:\/\/www.caseificiocastellan.it\/en\/caseificio-castellan-a-taste-2026\/\" target=\"_self\"><img decoding=\"async\" itemprop=\"image\" src=\"https:\/\/www.caseificiocastellan.it\/wp-content\/uploads\/2026\/01\/ecard_1280x1280px.jpg\" \/><\/a><\/div><div class=\"q_masonry_blog_post_text\"><h5 itemprop=\"name\" class=\"q_masonry_blog_title entry_title\"><a itemprop=\"url\" href=\"https:\/\/www.caseificiocastellan.it\/en\/caseificio-castellan-a-taste-2026\/\">Attribuzione Rating di legalit\u00e0 al Caseificio Castellan Urbano<\/a><\/h5><p itemprop=\"description\" class=\"q_masonry_blog_excerpt\">L'Autorit\u00e0 Garante della Concorrenza e del Mercato ha deliberato l'attribuzione al Caseificio Castellan Urbano Sas del Rating di legalit\u00e0...<\/p><div class=\"q_masonry_blog_post_info\"><span itemprop=\"dateCreated\" class=\"time entry_date updated\">19 January, 2026<meta itemprop=\"interactionCount\" content=\"UserComments: <?php echo get_comments_number(qode_get_page_id()); ?>\"\/><\/span><\/div><\/div><\/article><article  class='post-23721 post type-post status-publish format-standard has-post-thumbnail hentry category-fiere-e-manifestazioni '><div class=\"q_masonry_blog_post_image\"><a itemprop=\"url\" href=\"https:\/\/www.caseificiocastellan.it\/en\/caseificio-castellan-a-caseus-2025\/\" target=\"_self\"><img decoding=\"async\" itemprop=\"image\" src=\"https:\/\/www.caseificiocastellan.it\/wp-content\/uploads\/2025\/10\/Caseus-2025-Castellan.jpg\" \/><\/a><\/div><div class=\"q_masonry_blog_post_text\"><h5 itemprop=\"name\" class=\"q_masonry_blog_title entry_title\"><a itemprop=\"url\" href=\"https:\/\/www.caseificiocastellan.it\/en\/caseificio-castellan-a-caseus-2025\/\">Attribuzione Rating di legalit\u00e0 al Caseificio Castellan Urbano<\/a><\/h5><p itemprop=\"description\" class=\"q_masonry_blog_excerpt\">L'Autorit\u00e0 Garante della Concorrenza e del Mercato ha deliberato l'attribuzione al Caseificio Castellan Urbano Sas del Rating di legalit\u00e0...<\/p><div class=\"q_masonry_blog_post_info\"><span itemprop=\"dateCreated\" class=\"time entry_date updated\">01 October, 2025<meta itemprop=\"interactionCount\" content=\"UserComments: <?php echo get_comments_number(qode_get_page_id()); ?>\"\/><\/span><\/div><\/div><\/article><article  class='post-23695 post type-post status-publish format-standard has-post-thumbnail hentry category-fiere-e-manifestazioni '><div class=\"q_masonry_blog_post_image\"><a itemprop=\"url\" href=\"https:\/\/www.caseificiocastellan.it\/en\/caseificio-castellan-a-tuttofood-2025\/\" target=\"_self\"><img decoding=\"async\" itemprop=\"image\" src=\"https:\/\/www.caseificiocastellan.it\/wp-content\/uploads\/2025\/04\/News-TUTTOFOOD-2025.jpg\" \/><\/a><\/div><div class=\"q_masonry_blog_post_text\"><h5 itemprop=\"name\" class=\"q_masonry_blog_title entry_title\"><a itemprop=\"url\" href=\"https:\/\/www.caseificiocastellan.it\/en\/caseificio-castellan-a-tuttofood-2025\/\">Attribuzione Rating di legalit\u00e0 al Caseificio Castellan Urbano<\/a><\/h5><p itemprop=\"description\" class=\"q_masonry_blog_excerpt\">L'Autorit\u00e0 Garante della Concorrenza e del Mercato ha deliberato l'attribuzione al Caseificio Castellan Urbano Sas del Rating di legalit\u00e0...<\/p><div class=\"q_masonry_blog_post_info\"><span itemprop=\"dateCreated\" class=\"time entry_date updated\">22 April, 2025<meta itemprop=\"interactionCount\" content=\"UserComments: <?php echo get_comments_number(qode_get_page_id()); ?>\"\/><\/span><\/div><\/div><\/article><article  class='post-23685 post type-post status-publish format-standard has-post-thumbnail hentry category-press '><div class=\"q_masonry_blog_post_image\"><a itemprop=\"url\" href=\"https:\/\/www.caseificiocastellan.it\/en\/rilascio-certificazione-uni-en-iso-2200018-caseificio-castellan-urbano-c-s-a-s-2025\/\" target=\"_self\"><img decoding=\"async\" itemprop=\"image\" src=\"https:\/\/www.caseificiocastellan.it\/wp-content\/uploads\/2025\/03\/Cert-22000Caseificio-Castellan-Urbano-C.-S.a.s.-2025-cover.jpg\" \/><\/a><\/div><div class=\"q_masonry_blog_post_text\"><h5 itemprop=\"name\" class=\"q_masonry_blog_title entry_title\"><a itemprop=\"url\" href=\"https:\/\/www.caseificiocastellan.it\/en\/rilascio-certificazione-uni-en-iso-2200018-caseificio-castellan-urbano-c-s-a-s-2025\/\">Rilascio Certificazione UNI EN ISO 22000:18 &#8211; Caseificio Castellan Urbano &#038; C s.a.s. &#8211; 2021<\/a><\/h5><p itemprop=\"description\" class=\"q_masonry_blog_excerpt\">Lo standard qualitativo comunitario che riguarda i \u201cSistemi di gestione per la sicurezza alimentare - Requisiti per qualsiasi organizzazione nella filiera alimentare\u201d...<\/p><div class=\"q_masonry_blog_post_info\"><span itemprop=\"dateCreated\" class=\"time entry_date updated\">13 March, 2025<meta itemprop=\"interactionCount\" content=\"UserComments: <?php echo get_comments_number(qode_get_page_id()); ?>\"\/><\/span><\/div><\/div><\/article><article  class='post-23613 post type-post status-publish format-standard has-post-thumbnail hentry category-fiere-e-manifestazioni '><div class=\"q_masonry_blog_post_image\"><a itemprop=\"url\" href=\"https:\/\/www.caseificiocastellan.it\/en\/caseificio-castellan-taste-2025\/\" target=\"_self\"><img decoding=\"async\" itemprop=\"image\" src=\"https:\/\/www.caseificiocastellan.it\/wp-content\/uploads\/2025\/01\/caseificio-castellan-1280x1280px.jpg\" \/><\/a><\/div><div class=\"q_masonry_blog_post_text\"><h5 itemprop=\"name\" class=\"q_masonry_blog_title entry_title\"><a itemprop=\"url\" href=\"https:\/\/www.caseificiocastellan.it\/en\/caseificio-castellan-taste-2025\/\">Attribuzione Rating di legalit\u00e0 al Caseificio Castellan Urbano<\/a><\/h5><p itemprop=\"description\" class=\"q_masonry_blog_excerpt\">L'Autorit\u00e0 Garante della Concorrenza e del Mercato ha deliberato l'attribuzione al Caseificio Castellan Urbano Sas del Rating di legalit\u00e0...<\/p><div class=\"q_masonry_blog_post_info\"><span itemprop=\"dateCreated\" class=\"time entry_date updated\">14 January, 2025<meta itemprop=\"interactionCount\" content=\"UserComments: <?php echo get_comments_number(qode_get_page_id()); ?>\"\/><\/span><\/div><\/div><\/article><article  class='post-23594 post type-post status-publish format-standard has-post-thumbnail hentry category-fiere-e-manifestazioni '><div class=\"q_masonry_blog_post_image\"><a itemprop=\"url\" href=\"https:\/\/www.caseificiocastellan.it\/en\/caseificio-castellan-bacari\/\" target=\"_self\"><img decoding=\"async\" itemprop=\"image\" src=\"https:\/\/www.caseificiocastellan.it\/wp-content\/uploads\/2024\/11\/Bacari-Caseificio-Castellan.jpg\" \/><\/a><\/div><div class=\"q_masonry_blog_post_text\"><h5 itemprop=\"name\" class=\"q_masonry_blog_title entry_title\"><a itemprop=\"url\" href=\"https:\/\/www.caseificiocastellan.it\/en\/caseificio-castellan-bacari\/\">Attribuzione Rating di legalit\u00e0 al Caseificio Castellan Urbano<\/a><\/h5><p itemprop=\"description\" class=\"q_masonry_blog_excerpt\">L'Autorit\u00e0 Garante della Concorrenza e del Mercato ha deliberato l'attribuzione al Caseificio Castellan Urbano Sas del Rating di legalit\u00e0...<\/p><div class=\"q_masonry_blog_post_info\"><span itemprop=\"dateCreated\" class=\"time entry_date updated\">14 November, 2024<meta itemprop=\"interactionCount\" content=\"UserComments: <?php echo get_comments_number(qode_get_page_id()); ?>\"\/><\/span><\/div><\/div><\/article><article  class='post-23582 post type-post status-publish format-standard has-post-thumbnail hentry category-fiere-e-manifestazioni '><div class=\"q_masonry_blog_post_image\"><a itemprop=\"url\" href=\"https:\/\/www.caseificiocastellan.it\/en\/caseificio-castellan-a-golosaria-2024\/\" target=\"_self\"><img decoding=\"async\" itemprop=\"image\" src=\"https:\/\/www.caseificiocastellan.it\/wp-content\/uploads\/2024\/10\/Golosaria-Caseificio-Castellan-1.jpg\" \/><\/a><\/div><div class=\"q_masonry_blog_post_text\"><h5 itemprop=\"name\" class=\"q_masonry_blog_title entry_title\"><a itemprop=\"url\" href=\"https:\/\/www.caseificiocastellan.it\/en\/caseificio-castellan-a-golosaria-2024\/\">Attribuzione Rating di legalit\u00e0 al Caseificio Castellan Urbano<\/a><\/h5><p itemprop=\"description\" class=\"q_masonry_blog_excerpt\">L'Autorit\u00e0 Garante della Concorrenza e del Mercato ha deliberato l'attribuzione al Caseificio Castellan Urbano Sas del Rating di legalit\u00e0...<\/p><div class=\"q_masonry_blog_post_info\"><span itemprop=\"dateCreated\" class=\"time entry_date updated\">22 October, 2024<meta itemprop=\"interactionCount\" content=\"UserComments: <?php echo get_comments_number(qode_get_page_id()); ?>\"\/><\/span><\/div><\/div><\/article><article  class='post-23562 post type-post status-publish format-standard has-post-thumbnail hentry category-fiere-e-manifestazioni '><div class=\"q_masonry_blog_post_image\"><a itemprop=\"url\" href=\"https:\/\/www.caseificiocastellan.it\/en\/caseificio-castellan-a-caseus-2024\/\" target=\"_self\"><img decoding=\"async\" itemprop=\"image\" src=\"https:\/\/www.caseificiocastellan.it\/wp-content\/uploads\/2024\/10\/Caseificio-Castellan-a-Caseus-2024__XX.jpg\" \/><\/a><\/div><div class=\"q_masonry_blog_post_text\"><h5 itemprop=\"name\" class=\"q_masonry_blog_title entry_title\"><a itemprop=\"url\" href=\"https:\/\/www.caseificiocastellan.it\/en\/caseificio-castellan-a-caseus-2024\/\">Attribuzione Rating di legalit\u00e0 al Caseificio Castellan Urbano<\/a><\/h5><p itemprop=\"description\" class=\"q_masonry_blog_excerpt\">L'Autorit\u00e0 Garante della Concorrenza e del Mercato ha deliberato l'attribuzione al Caseificio Castellan Urbano Sas del Rating di legalit\u00e0...<\/p><div class=\"q_masonry_blog_post_info\"><span itemprop=\"dateCreated\" class=\"time entry_date updated\">03 October, 2024<meta itemprop=\"interactionCount\" content=\"UserComments: <?php echo get_comments_number(qode_get_page_id()); ?>\"\/><\/span><\/div><\/div><\/article><article  class='post-23540 post type-post status-publish format-standard has-post-thumbnail hentry category-fiere-e-manifestazioni category-press '><div class=\"q_masonry_blog_post_image\"><a itemprop=\"url\" href=\"https:\/\/www.caseificiocastellan.it\/en\/caseificio-castellan-b2cheese_2024\/\" target=\"_self\"><img decoding=\"async\" itemprop=\"image\" src=\"https:\/\/www.caseificiocastellan.it\/wp-content\/uploads\/2024\/09\/Castellan-B2CHEESE.jpg\" \/><\/a><\/div><div class=\"q_masonry_blog_post_text\"><h5 itemprop=\"name\" class=\"q_masonry_blog_title entry_title\"><a itemprop=\"url\" href=\"https:\/\/www.caseificiocastellan.it\/en\/caseificio-castellan-b2cheese_2024\/\">Attribuzione Rating di legalit\u00e0 al Caseificio Castellan Urbano<\/a><\/h5><p itemprop=\"description\" class=\"q_masonry_blog_excerpt\">L'Autorit\u00e0 Garante della Concorrenza e del Mercato ha deliberato l'attribuzione al Caseificio Castellan Urbano Sas del Rating di legalit\u00e0...<\/p><div class=\"q_masonry_blog_post_info\"><span itemprop=\"dateCreated\" class=\"time entry_date updated\">05 September, 2024<meta itemprop=\"interactionCount\" content=\"UserComments: <?php echo get_comments_number(qode_get_page_id()); ?>\"\/><\/span><\/div><\/div><\/article><article  class='post-23527 post type-post status-publish format-standard has-post-thumbnail hentry category-fiere-e-manifestazioni category-press '><div class=\"q_masonry_blog_post_image\"><a itemprop=\"url\" href=\"https:\/\/www.caseificiocastellan.it\/en\/castellan-tedx\/\" target=\"_self\"><img decoding=\"async\" itemprop=\"image\" src=\"https:\/\/www.caseificiocastellan.it\/wp-content\/uploads\/2024\/09\/Tedx_Castellan.jpg\" \/><\/a><\/div><div class=\"q_masonry_blog_post_text\"><h5 itemprop=\"name\" class=\"q_masonry_blog_title entry_title\"><a itemprop=\"url\" href=\"https:\/\/www.caseificiocastellan.it\/en\/castellan-tedx\/\">Attribuzione Rating di legalit\u00e0 al Caseificio Castellan Urbano<\/a><\/h5><p itemprop=\"description\" class=\"q_masonry_blog_excerpt\">L'Autorit\u00e0 Garante della Concorrenza e del Mercato ha deliberato l'attribuzione al Caseificio Castellan Urbano Sas del Rating di legalit\u00e0...<\/p><div class=\"q_masonry_blog_post_info\"><span itemprop=\"dateCreated\" class=\"time entry_date updated\">05 September, 2024<meta itemprop=\"interactionCount\" content=\"UserComments: <?php echo get_comments_number(qode_get_page_id()); ?>\"\/><\/span><\/div><\/div><\/article><article  class='post-22281 post type-post status-publish format-standard has-post-thumbnail hentry category-press '><div class=\"q_masonry_blog_post_image\"><a itemprop=\"url\" href=\"https:\/\/www.caseificiocastellan.it\/en\/attribuzione-rating-di-legalita-al-caseificio-castellan-urbano-2024\/\" target=\"_self\"><img decoding=\"async\" itemprop=\"image\" src=\"https:\/\/www.caseificiocastellan.it\/wp-content\/uploads\/2024\/02\/Lettera-rinnovo-Rating-signed_Caseificio-Castellan-2024.jpg\" \/><\/a><\/div><div class=\"q_masonry_blog_post_text\"><h5 itemprop=\"name\" class=\"q_masonry_blog_title entry_title\"><a itemprop=\"url\" href=\"https:\/\/www.caseificiocastellan.it\/en\/attribuzione-rating-di-legalita-al-caseificio-castellan-urbano-2024\/\">Attribuzione Rating di legalit\u00e0 al Caseificio Castellan Urbano<\/a><\/h5><p itemprop=\"description\" class=\"q_masonry_blog_excerpt\">L'Autorit\u00e0 Garante della Concorrenza e del Mercato ha deliberato l'attribuzione al Caseificio Castellan Urbano Sas del Rating di legalit\u00e0...<\/p><div class=\"q_masonry_blog_post_info\"><span itemprop=\"dateCreated\" class=\"time entry_date updated\">08 February, 2024<meta itemprop=\"interactionCount\" content=\"UserComments: <?php echo get_comments_number(qode_get_page_id()); ?>\"\/><\/span><\/div><\/div><\/article><article  class='post-21729 post type-post status-publish format-standard has-post-thumbnail hentry category-fiere-e-manifestazioni '><div class=\"q_masonry_blog_post_image\"><a itemprop=\"url\" href=\"https:\/\/www.caseificiocastellan.it\/en\/taste-caseificio-castellan\/\" target=\"_self\"><img decoding=\"async\" itemprop=\"image\" src=\"https:\/\/www.caseificiocastellan.it\/wp-content\/uploads\/2023\/11\/banner-taste_castellan_art_home_2024-1.jpg\" \/><\/a><\/div><div class=\"q_masonry_blog_post_text\"><h5 itemprop=\"name\" class=\"q_masonry_blog_title entry_title\"><a itemprop=\"url\" href=\"https:\/\/www.caseificiocastellan.it\/en\/taste-caseificio-castellan\/\">Caseus Veneti 2020: due podi per il Caseificio Castellan Urbano. La Caciotta di Capra prima classificata.<\/a><\/h5><p itemprop=\"description\" class=\"q_masonry_blog_excerpt\">La Caciotta di Capra Castellan eletta miglior Caciotta del Veneto 2020...<\/p><div class=\"q_masonry_blog_post_info\"><span itemprop=\"dateCreated\" class=\"time entry_date updated\">15 November, 2023<meta itemprop=\"interactionCount\" content=\"UserComments: <?php echo get_comments_number(qode_get_page_id()); ?>\"\/><\/span><\/div><\/div><\/article><article  class='post-21454 post type-post status-publish format-standard has-post-thumbnail hentry category-fiere-e-manifestazioni '><div class=\"q_masonry_blog_post_image\"><a itemprop=\"url\" href=\"https:\/\/www.caseificiocastellan.it\/en\/wefood-2023\/\" target=\"_self\"><img decoding=\"async\" itemprop=\"image\" src=\"https:\/\/www.caseificiocastellan.it\/wp-content\/uploads\/2023\/10\/we-food-castellan.jpg\" \/><\/a><\/div><div class=\"q_masonry_blog_post_text\"><h5 itemprop=\"name\" class=\"q_masonry_blog_title entry_title\"><a itemprop=\"url\" href=\"https:\/\/www.caseificiocastellan.it\/en\/wefood-2023\/\">Caseus Veneti 2020: due podi per il Caseificio Castellan Urbano. La Caciotta di Capra prima classificata.<\/a><\/h5><p itemprop=\"description\" class=\"q_masonry_blog_excerpt\">La Caciotta di Capra Castellan eletta miglior Caciotta del Veneto 2020...<\/p><div class=\"q_masonry_blog_post_info\"><span itemprop=\"dateCreated\" class=\"time entry_date updated\">12 October, 2023<meta itemprop=\"interactionCount\" content=\"UserComments: <?php echo get_comments_number(qode_get_page_id()); ?>\"\/><\/span><\/div><\/div><\/article><article  class='post-21424 post type-post status-publish format-standard has-post-thumbnail hentry category-fiere-e-manifestazioni '><div class=\"q_masonry_blog_post_image\"><a itemprop=\"url\" href=\"https:\/\/www.caseificiocastellan.it\/en\/caseificio-castellan-a-milano-golosa\/\" target=\"_self\"><img decoding=\"async\" itemprop=\"image\" src=\"https:\/\/www.caseificiocastellan.it\/wp-content\/uploads\/2023\/10\/Milano-Golosa_Castellan.jpg\" \/><\/a><\/div><div class=\"q_masonry_blog_post_text\"><h5 itemprop=\"name\" class=\"q_masonry_blog_title entry_title\"><a itemprop=\"url\" href=\"https:\/\/www.caseificiocastellan.it\/en\/caseificio-castellan-a-milano-golosa\/\">Attribuzione Rating di legalit\u00e0 al Caseificio Castellan Urbano<\/a><\/h5><p itemprop=\"description\" class=\"q_masonry_blog_excerpt\">L'Autorit\u00e0 Garante della Concorrenza e del Mercato ha deliberato l'attribuzione al Caseificio Castellan Urbano Sas del Rating di legalit\u00e0...<\/p><div class=\"q_masonry_blog_post_info\"><span itemprop=\"dateCreated\" class=\"time entry_date updated\">06 October, 2023<meta itemprop=\"interactionCount\" content=\"UserComments: <?php echo get_comments_number(qode_get_page_id()); ?>\"\/><\/span><\/div><\/div><\/article><article  class='post-21413 post type-post status-publish format-standard has-post-thumbnail hentry category-fiere-e-manifestazioni '><div class=\"q_masonry_blog_post_image\"><a itemprop=\"url\" href=\"https:\/\/www.caseificiocastellan.it\/en\/caseus-2023-sei-podi\/\" target=\"_self\"><img decoding=\"async\" itemprop=\"image\" src=\"https:\/\/www.caseificiocastellan.it\/wp-content\/uploads\/2023\/10\/CASEUS_Castellan.jpg\" \/><\/a><\/div><div class=\"q_masonry_blog_post_text\"><h5 itemprop=\"name\" class=\"q_masonry_blog_title entry_title\"><a itemprop=\"url\" href=\"https:\/\/www.caseificiocastellan.it\/en\/caseus-2023-sei-podi\/\">Caseus Veneti 2020: due podi per il Caseificio Castellan Urbano. La Caciotta di Capra prima classificata.<\/a><\/h5><p itemprop=\"description\" class=\"q_masonry_blog_excerpt\">La Caciotta di Capra Castellan eletta miglior Caciotta del Veneto 2020...<\/p><div class=\"q_masonry_blog_post_info\"><span itemprop=\"dateCreated\" class=\"time entry_date updated\">02 October, 2023<meta itemprop=\"interactionCount\" content=\"UserComments: <?php echo get_comments_number(qode_get_page_id()); ?>\"\/><\/span><\/div><\/div><\/article><article  class='post-21408 post type-post status-publish format-standard has-post-thumbnail hentry category-fiere-e-manifestazioni '><div class=\"q_masonry_blog_post_image\"><a itemprop=\"url\" href=\"https:\/\/www.caseificiocastellan.it\/en\/caseificio-castellan-a-caseus-2023\/\" target=\"_self\"><img decoding=\"async\" itemprop=\"image\" src=\"https:\/\/www.caseificiocastellan.it\/wp-content\/uploads\/2023\/10\/Caseus2023.jpg\" \/><\/a><\/div><div class=\"q_masonry_blog_post_text\"><h5 itemprop=\"name\" class=\"q_masonry_blog_title entry_title\"><a itemprop=\"url\" href=\"https:\/\/www.caseificiocastellan.it\/en\/caseificio-castellan-a-caseus-2023\/\">Attribuzione Rating di legalit\u00e0 al Caseificio Castellan Urbano<\/a><\/h5><p itemprop=\"description\" class=\"q_masonry_blog_excerpt\">L'Autorit\u00e0 Garante della Concorrenza e del Mercato ha deliberato l'attribuzione al Caseificio Castellan Urbano Sas del Rating di legalit\u00e0...<\/p><div class=\"q_masonry_blog_post_info\"><span itemprop=\"dateCreated\" class=\"time entry_date updated\">28 September, 2023<meta itemprop=\"interactionCount\" content=\"UserComments: <?php echo get_comments_number(qode_get_page_id()); ?>\"\/><\/span><\/div><\/div><\/article><article  class='post-20954 post type-post status-publish format-standard has-post-thumbnail hentry category-fiere-e-manifestazioni '><div class=\"q_masonry_blog_post_image\"><a itemprop=\"url\" href=\"https:\/\/www.caseificiocastellan.it\/en\/bologna-cheese-festival\/\" target=\"_self\"><img decoding=\"async\" itemprop=\"image\" src=\"https:\/\/www.caseificiocastellan.it\/wp-content\/uploads\/2023\/01\/Bologna-Cheese-Festival.jpg\" \/><\/a><\/div><div class=\"q_masonry_blog_post_text\"><h5 itemprop=\"name\" class=\"q_masonry_blog_title entry_title\"><a itemprop=\"url\" href=\"https:\/\/www.caseificiocastellan.it\/en\/bologna-cheese-festival\/\">Caseus Veneti 2020: due podi per il Caseificio Castellan Urbano. La Caciotta di Capra prima classificata.<\/a><\/h5><p itemprop=\"description\" class=\"q_masonry_blog_excerpt\">La Caciotta di Capra Castellan eletta miglior Caciotta del Veneto 2020...<\/p><div class=\"q_masonry_blog_post_info\"><span itemprop=\"dateCreated\" class=\"time entry_date updated\">31 January, 2023<meta itemprop=\"interactionCount\" content=\"UserComments: <?php echo get_comments_number(qode_get_page_id()); ?>\"\/><\/span><\/div><\/div><\/article><article  class='post-20947 post type-post status-publish format-standard has-post-thumbnail hentry category-press '><div class=\"q_masonry_blog_post_image\"><a itemprop=\"url\" href=\"https:\/\/www.caseificiocastellan.it\/en\/riposizionamento-competitivo-ind40-castellan\/\" target=\"_self\"><img decoding=\"async\" itemprop=\"image\" src=\"https:\/\/www.caseificiocastellan.it\/wp-content\/uploads\/2023\/01\/ModelloPosterA3_PSC-SezSpeciale-C-img.jpg\" \/><\/a><\/div><div class=\"q_masonry_blog_post_text\"><h5 itemprop=\"name\" class=\"q_masonry_blog_title entry_title\"><a itemprop=\"url\" href=\"https:\/\/www.caseificiocastellan.it\/en\/riposizionamento-competitivo-ind40-castellan\/\">Tradizione e innovazione<\/a><\/h5><p itemprop=\"description\" class=\"q_masonry_blog_excerpt\">La sfida del Caseificio Castellan al mercato per una crescita intelligente...<\/p><div class=\"q_masonry_blog_post_info\"><span itemprop=\"dateCreated\" class=\"time entry_date updated\">26 January, 2023<meta itemprop=\"interactionCount\" content=\"UserComments: <?php echo get_comments_number(qode_get_page_id()); ?>\"\/><\/span><\/div><\/div><\/article><article  class='post-20851 post type-post status-publish format-standard has-post-thumbnail hentry category-fiere-e-manifestazioni '><div class=\"q_masonry_blog_post_image\"><a itemprop=\"url\" href=\"https:\/\/www.caseificiocastellan.it\/en\/impariamo-a-fare\/\" target=\"_self\"><img decoding=\"async\" itemprop=\"image\" src=\"https:\/\/www.caseificiocastellan.it\/wp-content\/uploads\/2022\/11\/Impariamo-a-fare_Caseificio-Castellan_Punto-Vendita-Castellan.jpg\" \/><\/a><\/div><div class=\"q_masonry_blog_post_text\"><h5 itemprop=\"name\" class=\"q_masonry_blog_title entry_title\"><a itemprop=\"url\" href=\"https:\/\/www.caseificiocastellan.it\/en\/impariamo-a-fare\/\">Caseus Veneti 2020: due podi per il Caseificio Castellan Urbano. La Caciotta di Capra prima classificata.<\/a><\/h5><p itemprop=\"description\" class=\"q_masonry_blog_excerpt\">La Caciotta di Capra Castellan eletta miglior Caciotta del Veneto 2020...<\/p><div class=\"q_masonry_blog_post_info\"><span itemprop=\"dateCreated\" class=\"time entry_date updated\">28 November, 2022<meta itemprop=\"interactionCount\" content=\"UserComments: <?php echo get_comments_number(qode_get_page_id()); ?>\"\/><\/span><\/div><\/div><\/article><article  class='post-20845 post type-post status-publish format-standard has-post-thumbnail hentry category-fiere-e-manifestazioni '><div class=\"q_masonry_blog_post_image\"><a itemprop=\"url\" href=\"https:\/\/www.caseificiocastellan.it\/en\/wefood-caseificio-castellan-urbano\/\" target=\"_self\"><img decoding=\"async\" itemprop=\"image\" src=\"https:\/\/www.caseificiocastellan.it\/wp-content\/uploads\/2022\/10\/WeFood-Caseificio-Castellan.jpg\" \/><\/a><\/div><div class=\"q_masonry_blog_post_text\"><h5 itemprop=\"name\" class=\"q_masonry_blog_title entry_title\"><a itemprop=\"url\" href=\"https:\/\/www.caseificiocastellan.it\/en\/wefood-caseificio-castellan-urbano\/\">Caseus Veneti 2020: due podi per il Caseificio Castellan Urbano. La Caciotta di Capra prima classificata.<\/a><\/h5><p itemprop=\"description\" class=\"q_masonry_blog_excerpt\">La Caciotta di Capra Castellan eletta miglior Caciotta del Veneto 2020...<\/p><div class=\"q_masonry_blog_post_info\"><span itemprop=\"dateCreated\" class=\"time entry_date updated\">18 October, 2022<meta itemprop=\"interactionCount\" content=\"UserComments: <?php echo get_comments_number(qode_get_page_id()); ?>\"\/><\/span><\/div><\/div><\/article><article  class='post-20808 post type-post status-publish format-standard has-post-thumbnail hentry category-fiere-e-manifestazioni '><div class=\"q_masonry_blog_post_image\"><a itemprop=\"url\" href=\"https:\/\/www.caseificiocastellan.it\/en\/caseus-2022-quattro-podi-per-il-caseificio-castellan-urbano\/\" target=\"_self\"><img decoding=\"async\" itemprop=\"image\" src=\"https:\/\/www.caseificiocastellan.it\/wp-content\/uploads\/2022\/10\/82.jpg\" \/><\/a><\/div><div class=\"q_masonry_blog_post_text\"><h5 itemprop=\"name\" class=\"q_masonry_blog_title entry_title\"><a itemprop=\"url\" href=\"https:\/\/www.caseificiocastellan.it\/en\/caseus-2022-quattro-podi-per-il-caseificio-castellan-urbano\/\">Caseus Veneti 2020: due podi per il Caseificio Castellan Urbano. La Caciotta di Capra prima classificata.<\/a><\/h5><p itemprop=\"description\" class=\"q_masonry_blog_excerpt\">La Caciotta di Capra Castellan eletta miglior Caciotta del Veneto 2020...<\/p><div class=\"q_masonry_blog_post_info\"><span itemprop=\"dateCreated\" class=\"time entry_date updated\">11 October, 2022<meta itemprop=\"interactionCount\" content=\"UserComments: <?php echo get_comments_number(qode_get_page_id()); ?>\"\/><\/span><\/div><\/div><\/article><article  class='post-20781 post type-post status-publish format-standard has-post-thumbnail hentry category-fiere-e-manifestazioni '><div class=\"q_masonry_blog_post_image\"><a itemprop=\"url\" href=\"https:\/\/www.caseificiocastellan.it\/en\/caseificio-castellan-a-caseus-2022\/\" target=\"_self\"><img decoding=\"async\" itemprop=\"image\" src=\"https:\/\/www.caseificiocastellan.it\/wp-content\/uploads\/2022\/09\/caseus-2022-caseificio-castellan.jpg\" \/><\/a><\/div><div class=\"q_masonry_blog_post_text\"><h5 itemprop=\"name\" class=\"q_masonry_blog_title entry_title\"><a itemprop=\"url\" href=\"https:\/\/www.caseificiocastellan.it\/en\/caseificio-castellan-a-caseus-2022\/\">Attribuzione Rating di legalit\u00e0 al Caseificio Castellan Urbano<\/a><\/h5><p itemprop=\"description\" class=\"q_masonry_blog_excerpt\">L'Autorit\u00e0 Garante della Concorrenza e del Mercato ha deliberato l'attribuzione al Caseificio Castellan Urbano Sas del Rating di legalit\u00e0...<\/p><div class=\"q_masonry_blog_post_info\"><span itemprop=\"dateCreated\" class=\"time entry_date updated\">21 September, 2022<meta itemprop=\"interactionCount\" content=\"UserComments: <?php echo get_comments_number(qode_get_page_id()); ?>\"\/><\/span><\/div><\/div><\/article><article  class='post-20772 post type-post status-publish format-standard has-post-thumbnail hentry category-fiere-e-manifestazioni '><div class=\"q_masonry_blog_post_image\"><a itemprop=\"url\" href=\"https:\/\/www.caseificiocastellan.it\/en\/b2cheese-2022\/\" target=\"_self\"><img decoding=\"async\" itemprop=\"image\" src=\"https:\/\/www.caseificiocastellan.it\/wp-content\/uploads\/2022\/09\/Caseificio-Castellan_B2Cheese.jpg\" \/><\/a><\/div><div class=\"q_masonry_blog_post_text\"><h5 itemprop=\"name\" class=\"q_masonry_blog_title entry_title\"><a itemprop=\"url\" href=\"https:\/\/www.caseificiocastellan.it\/en\/b2cheese-2022\/\">Attribuzione Rating di legalit\u00e0 al Caseificio Castellan Urbano<\/a><\/h5><p itemprop=\"description\" class=\"q_masonry_blog_excerpt\">L'Autorit\u00e0 Garante della Concorrenza e del Mercato ha deliberato l'attribuzione al Caseificio Castellan Urbano Sas del Rating di legalit\u00e0...<\/p><div class=\"q_masonry_blog_post_info\"><span itemprop=\"dateCreated\" class=\"time entry_date updated\">21 September, 2022<meta itemprop=\"interactionCount\" content=\"UserComments: <?php echo get_comments_number(qode_get_page_id()); ?>\"\/><\/span><\/div><\/div><\/article><article  class='post-20736 post type-post status-publish format-standard has-post-thumbnail hentry category-press '><div class=\"q_masonry_blog_post_image\"><a itemprop=\"url\" href=\"https:\/\/www.caseificiocastellan.it\/en\/superior-taste-award\/\" target=\"_self\"><img decoding=\"async\" itemprop=\"image\" src=\"https:\/\/www.caseificiocastellan.it\/wp-content\/uploads\/2022\/06\/STRACCHINO-CASTELLAN.jpg\" \/><\/a><\/div><div class=\"q_masonry_blog_post_text\"><h5 itemprop=\"name\" class=\"q_masonry_blog_title entry_title\"><a itemprop=\"url\" href=\"https:\/\/www.caseificiocastellan.it\/en\/superior-taste-award\/\">Attribuzione Rating di legalit\u00e0 al Caseificio Castellan Urbano<\/a><\/h5><p itemprop=\"description\" class=\"q_masonry_blog_excerpt\">L'Autorit\u00e0 Garante della Concorrenza e del Mercato ha deliberato l'attribuzione al Caseificio Castellan Urbano Sas del Rating di legalit\u00e0...<\/p><div class=\"q_masonry_blog_post_info\"><span itemprop=\"dateCreated\" class=\"time entry_date updated\">07 June, 2022<meta itemprop=\"interactionCount\" content=\"UserComments: <?php echo get_comments_number(qode_get_page_id()); ?>\"\/><\/span><\/div><\/div><\/article><article  class='post-20602 post type-post status-publish format-standard has-post-thumbnail hentry category-fiere-e-manifestazioni '><div class=\"q_masonry_blog_post_image\"><a itemprop=\"url\" href=\"https:\/\/www.caseificiocastellan.it\/en\/gourmandia-2022\/\" target=\"_self\"><img decoding=\"async\" itemprop=\"image\" src=\"https:\/\/www.caseificiocastellan.it\/wp-content\/uploads\/2022\/05\/Caseificio-Castellan-a-GOURMANDIA-2022.jpg\" \/><\/a><\/div><div class=\"q_masonry_blog_post_text\"><h5 itemprop=\"name\" class=\"q_masonry_blog_title entry_title\"><a itemprop=\"url\" href=\"https:\/\/www.caseificiocastellan.it\/en\/gourmandia-2022\/\">Attribuzione Rating di legalit\u00e0 al Caseificio Castellan Urbano<\/a><\/h5><p itemprop=\"description\" class=\"q_masonry_blog_excerpt\">L'Autorit\u00e0 Garante della Concorrenza e del Mercato ha deliberato l'attribuzione al Caseificio Castellan Urbano Sas del Rating di legalit\u00e0...<\/p><div class=\"q_masonry_blog_post_info\"><span itemprop=\"dateCreated\" class=\"time entry_date updated\">06 May, 2022<meta itemprop=\"interactionCount\" content=\"UserComments: <?php echo get_comments_number(qode_get_page_id()); ?>\"\/><\/span><\/div><\/div><\/article><article  class='post-20151 post type-post status-publish format-standard has-post-thumbnail hentry category-press '><div class=\"q_masonry_blog_post_image\"><a itemprop=\"url\" href=\"https:\/\/www.caseificiocastellan.it\/en\/attribuzione-rating-di-legalita-al-caseificio-castellan-urbano\/\" target=\"_self\"><img decoding=\"async\" itemprop=\"image\" src=\"https:\/\/www.caseificiocastellan.it\/wp-content\/uploads\/2022\/04\/Rating2022.jpg\" \/><\/a><\/div><div class=\"q_masonry_blog_post_text\"><h5 itemprop=\"name\" class=\"q_masonry_blog_title entry_title\"><a itemprop=\"url\" href=\"https:\/\/www.caseificiocastellan.it\/en\/attribuzione-rating-di-legalita-al-caseificio-castellan-urbano\/\">Attribuzione Rating di legalit\u00e0 al Caseificio Castellan Urbano<\/a><\/h5><p itemprop=\"description\" class=\"q_masonry_blog_excerpt\">L'Autorit\u00e0 Garante della Concorrenza e del Mercato ha deliberato l'attribuzione al Caseificio Castellan Urbano Sas del Rating di legalit\u00e0...<\/p><div class=\"q_masonry_blog_post_info\"><span itemprop=\"dateCreated\" class=\"time entry_date updated\">27 April, 2022<meta itemprop=\"interactionCount\" content=\"UserComments: <?php echo get_comments_number(qode_get_page_id()); ?>\"\/><\/span><\/div><\/div><\/article><article  class='post-20008 post type-post status-publish format-standard has-post-thumbnail hentry category-fiere-e-manifestazioni '><div class=\"q_masonry_blog_post_image\"><a itemprop=\"url\" href=\"https:\/\/www.caseificiocastellan.it\/en\/world-cheese-awards-2021\/\" target=\"_self\"><img decoding=\"async\" itemprop=\"image\" src=\"https:\/\/www.caseificiocastellan.it\/wp-content\/uploads\/2021\/11\/World-Cheese-Awards-Caseificio-Castellan-Stracchino.jpg\" \/><\/a><\/div><div class=\"q_masonry_blog_post_text\"><h5 itemprop=\"name\" class=\"q_masonry_blog_title entry_title\"><a itemprop=\"url\" href=\"https:\/\/www.caseificiocastellan.it\/en\/world-cheese-awards-2021\/\">World Cheese Awards 2021: due podi per il Caseificio Castellan Urbano<\/a><\/h5><p itemprop=\"description\" class=\"q_masonry_blog_excerpt\">Doppio podio per il Caseificio Castellan al World Cheese Awards, quest\u2019anno in scena a Oviedo (Spagna)...<\/p><div class=\"q_masonry_blog_post_info\"><span itemprop=\"dateCreated\" class=\"time entry_date updated\">08 November, 2021<meta itemprop=\"interactionCount\" content=\"UserComments: <?php echo get_comments_number(qode_get_page_id()); ?>\"\/><\/span><\/div><\/div><\/article><article  class='post-19975 post type-post status-publish format-standard has-post-thumbnail hentry category-fiere-e-manifestazioni '><div class=\"q_masonry_blog_post_image\"><a itemprop=\"url\" href=\"https:\/\/www.caseificiocastellan.it\/en\/caseus-veneti-2021-quattro-podi-per-il-caseificio-castellan-urbano\/\" target=\"_self\"><img decoding=\"async\" itemprop=\"image\" src=\"https:\/\/www.caseificiocastellan.it\/wp-content\/uploads\/2021\/09\/Caseificio-Castellan-4-medaglie-Caseus-Veenti-2021.png\" \/><\/a><\/div><div class=\"q_masonry_blog_post_text\"><h5 itemprop=\"name\" class=\"q_masonry_blog_title entry_title\"><a itemprop=\"url\" href=\"https:\/\/www.caseificiocastellan.it\/en\/caseus-veneti-2021-quattro-podi-per-il-caseificio-castellan-urbano\/\">Caseus Veneti 2020: due podi per il Caseificio Castellan Urbano. La Caciotta di Capra prima classificata.<\/a><\/h5><p itemprop=\"description\" class=\"q_masonry_blog_excerpt\">La Caciotta di Capra Castellan eletta miglior Caciotta del Veneto 2020...<\/p><div class=\"q_masonry_blog_post_info\"><span itemprop=\"dateCreated\" class=\"time entry_date updated\">30 September, 2021<meta itemprop=\"interactionCount\" content=\"UserComments: <?php echo get_comments_number(qode_get_page_id()); ?>\"\/><\/span><\/div><\/div><\/article><article  class='post-19884 post type-post status-publish format-standard has-post-thumbnail hentry category-press '><div class=\"q_masonry_blog_post_image\"><a itemprop=\"url\" href=\"https:\/\/www.caseificiocastellan.it\/en\/rilascio-certificazione-uni-en-iso-2200018-caseificio-castellan-urbano-c-s-a-s-2021\/\" target=\"_self\"><img decoding=\"async\" itemprop=\"image\" src=\"https:\/\/www.caseificiocastellan.it\/wp-content\/uploads\/2021\/06\/CSQA_certificato-Caseificio-Castellan-Urbano_evidenza_.jpg\" \/><\/a><\/div><div class=\"q_masonry_blog_post_text\"><h5 itemprop=\"name\" class=\"q_masonry_blog_title entry_title\"><a itemprop=\"url\" href=\"https:\/\/www.caseificiocastellan.it\/en\/rilascio-certificazione-uni-en-iso-2200018-caseificio-castellan-urbano-c-s-a-s-2021\/\">Rilascio Certificazione UNI EN ISO 22000:18 &#8211; Caseificio Castellan Urbano &#038; C s.a.s. &#8211; 2021<\/a><\/h5><p itemprop=\"description\" class=\"q_masonry_blog_excerpt\">Lo standard qualitativo comunitario che riguarda i \u201cSistemi di gestione per la sicurezza alimentare - Requisiti per qualsiasi organizzazione nella filiera alimentare\u201d...<\/p><div class=\"q_masonry_blog_post_info\"><span itemprop=\"dateCreated\" class=\"time entry_date updated\">08 June, 2021<meta itemprop=\"interactionCount\" content=\"UserComments: <?php echo get_comments_number(qode_get_page_id()); ?>\"\/><\/span><\/div><\/div><\/article><article  class='post-19847 post type-post status-publish format-standard has-post-thumbnail hentry category-press '><div class=\"q_masonry_blog_post_image\"><a itemprop=\"url\" href=\"https:\/\/www.caseificiocastellan.it\/en\/tradizione-e-innovazione\/\" target=\"_self\"><img decoding=\"async\" itemprop=\"image\" src=\"https:\/\/www.caseificiocastellan.it\/wp-content\/uploads\/2021\/03\/FSE_CASTELLAN_web_-1.jpg\" \/><\/a><\/div><div class=\"q_masonry_blog_post_text\"><h5 itemprop=\"name\" class=\"q_masonry_blog_title entry_title\"><a itemprop=\"url\" href=\"https:\/\/www.caseificiocastellan.it\/en\/tradizione-e-innovazione\/\">Tradizione e innovazione<\/a><\/h5><p itemprop=\"description\" class=\"q_masonry_blog_excerpt\">La sfida del Caseificio Castellan al mercato per una crescita intelligente...<\/p><div class=\"q_masonry_blog_post_info\"><span itemprop=\"dateCreated\" class=\"time entry_date updated\">04 December, 2020<meta itemprop=\"interactionCount\" content=\"UserComments: <?php echo get_comments_number(qode_get_page_id()); ?>\"\/><\/span><\/div><\/div><\/article><article  class='post-19638 post type-post status-publish format-standard has-post-thumbnail hentry category-fiere-e-manifestazioni '><div class=\"q_masonry_blog_post_image\"><a itemprop=\"url\" href=\"https:\/\/www.caseificiocastellan.it\/en\/caseus-veneti-2020-due-podi-per-il-caseificio-castellan-urbano-la-caciotta-di-capra-prima-classificata\/\" target=\"_self\"><img decoding=\"async\" itemprop=\"image\" src=\"https:\/\/www.caseificiocastellan.it\/wp-content\/uploads\/2020\/09\/Caciotta-di-Capra-Caseificio-Castellan-Urbano-vincitrice-Primo-Premio-Casues-Veneti-2020.jpg\" \/><\/a><\/div><div class=\"q_masonry_blog_post_text\"><h5 itemprop=\"name\" class=\"q_masonry_blog_title entry_title\"><a itemprop=\"url\" href=\"https:\/\/www.caseificiocastellan.it\/en\/caseus-veneti-2020-due-podi-per-il-caseificio-castellan-urbano-la-caciotta-di-capra-prima-classificata\/\">Caseus Veneti 2020: due podi per il Caseificio Castellan Urbano. La Caciotta di Capra prima classificata.<\/a><\/h5><p itemprop=\"description\" class=\"q_masonry_blog_excerpt\">La Caciotta di Capra Castellan eletta miglior Caciotta del Veneto 2020...<\/p><div class=\"q_masonry_blog_post_info\"><span itemprop=\"dateCreated\" class=\"time entry_date updated\">27 September, 2020<meta itemprop=\"interactionCount\" content=\"UserComments: <?php echo get_comments_number(qode_get_page_id()); ?>\"\/><\/span><\/div><\/div><\/article><article  class='post-19458 post type-post status-publish format-standard has-post-thumbnail hentry category-fiere-e-manifestazioni category-prodotti-e-degustazioni category-ricette-e-cooking-show '><div class=\"q_masonry_blog_post_image\"><a itemprop=\"url\" href=\"https:\/\/www.caseificiocastellan.it\/en\/caseus-veneti-2020\/\" target=\"_self\"><img decoding=\"async\" itemprop=\"image\" src=\"https:\/\/www.caseificiocastellan.it\/wp-content\/uploads\/2020\/09\/Invito_caseus-veneti_2020.jpg\" \/><\/a><\/div><div class=\"q_masonry_blog_post_text\"><h5 itemprop=\"name\" class=\"q_masonry_blog_title entry_title\"><a itemprop=\"url\" href=\"https:\/\/www.caseificiocastellan.it\/en\/caseus-veneti-2020\/\">Caseus Veneti 2020<\/a><\/h5><p itemprop=\"description\" class=\"q_masonry_blog_excerpt\">XVI Edizione del Concorso Regionale Formaggi del Veneto, Caseus Veneti \u00e8 un appuntamento imperdibile per gli appassionati di formaggio...<\/p><div class=\"q_masonry_blog_post_info\"><span itemprop=\"dateCreated\" class=\"time entry_date updated\">24 September, 2020<meta itemprop=\"interactionCount\" content=\"UserComments: <?php echo get_comments_number(qode_get_page_id()); ?>\"\/><\/span><\/div><\/div><\/article><article  class='post-19246 post type-post status-publish format-standard has-post-thumbnail hentry category-riflessioni '><div class=\"q_masonry_blog_post_image\"><a itemprop=\"url\" href=\"https:\/\/www.caseificiocastellan.it\/en\/grazie\/\" target=\"_self\"><img decoding=\"async\" itemprop=\"image\" src=\"https:\/\/www.caseificiocastellan.it\/wp-content\/uploads\/2020\/03\/Grazie-Caseificio-Castellan-Urbano-coronavirus.jpg\" \/><\/a><\/div><div class=\"q_masonry_blog_post_text\"><h5 itemprop=\"name\" class=\"q_masonry_blog_title entry_title\"><a itemprop=\"url\" href=\"https:\/\/www.caseificiocastellan.it\/en\/grazie\/\">Grazie<\/a><\/h5><p itemprop=\"description\" class=\"q_masonry_blog_excerpt\">E' nelle avversit\u00e0 che si conosce la propria forza. Il caseificio continua a produrre a pieno ritmo per un decreto che lo permette, ma lo fa soprattutto perch\u00e8 dipendenti e collaboratori hanno deciso di andare avanti con coraggio...<\/p><div class=\"q_masonry_blog_post_info\"><span itemprop=\"dateCreated\" class=\"time entry_date updated\">25 March, 2020<meta itemprop=\"interactionCount\" content=\"UserComments: <?php echo get_comments_number(qode_get_page_id()); ?>\"\/><\/span><\/div><\/div><\/article><article  class='post-19239 post type-post status-publish format-standard has-post-thumbnail hentry category-press '><div class=\"q_masonry_blog_post_image\"><a itemprop=\"url\" href=\"https:\/\/www.caseificiocastellan.it\/en\/rating-legalita-2020\/\" target=\"_self\"><img decoding=\"async\" itemprop=\"image\" src=\"https:\/\/www.caseificiocastellan.it\/wp-content\/uploads\/2020\/03\/Rating-legalit\u00e0-Caseificio-Castellan-Urbano-2020_web.jpg\" \/><\/a><\/div><div class=\"q_masonry_blog_post_text\"><h5 itemprop=\"name\" class=\"q_masonry_blog_title entry_title\"><a itemprop=\"url\" href=\"https:\/\/www.caseificiocastellan.it\/en\/rating-legalita-2020\/\">Attribuzione Rating di legalit\u00e0 al Caseificio Castellan Urbano<\/a><\/h5><p itemprop=\"description\" class=\"q_masonry_blog_excerpt\">L'Autorit\u00e0 Garante della Concorrenza e del Mercato ha deliberato l'attribuzione al Caseificio Castellan Urbano Sas del Rating di legalit\u00e0...<\/p><div class=\"q_masonry_blog_post_info\"><span itemprop=\"dateCreated\" class=\"time entry_date updated\">24 March, 2020<meta itemprop=\"interactionCount\" content=\"UserComments: <?php echo get_comments_number(qode_get_page_id()); ?>\"\/><\/span><\/div><\/div><\/article><article  class='post-19225 post type-post status-publish format-standard has-post-thumbnail hentry category-press '><div class=\"q_masonry_blog_post_image\"><a itemprop=\"url\" href=\"https:\/\/www.caseificiocastellan.it\/en\/iso-22000-2020\/\" target=\"_self\"><img decoding=\"async\" itemprop=\"image\" src=\"https:\/\/www.caseificiocastellan.it\/wp-content\/uploads\/2020\/02\/CERT-22000-Caseificio-Castellan-Urbano-C-s.a.s.-2020-news.jpg\" \/><\/a><\/div><div class=\"q_masonry_blog_post_text\"><h5 itemprop=\"name\" class=\"q_masonry_blog_title entry_title\"><a itemprop=\"url\" href=\"https:\/\/www.caseificiocastellan.it\/en\/iso-22000-2020\/\">Rilascio Certificazione UNI EN ISO 22000:2005 &#8211; Delibera del CEC di CSQA &#8211; Caseificio Castellan Urbano &#038; C s.a.s. &#8211; 2020<\/a><\/h5><p itemprop=\"description\" class=\"q_masonry_blog_excerpt\">Lo standard qualitativo comunitario che riguarda i \u201cSistemi di gestione per la sicurezza alimentare - Requisiti per qualsiasi organizzazione nella filiera alimentare\u201d\r\n...<\/p><div class=\"q_masonry_blog_post_info\"><span itemprop=\"dateCreated\" class=\"time entry_date updated\">25 February, 2020<meta itemprop=\"interactionCount\" content=\"UserComments: <?php echo get_comments_number(qode_get_page_id()); ?>\"\/><\/span><\/div><\/div><\/article><article  class='post-19215 post type-post status-publish format-standard has-post-thumbnail hentry category-fiere-e-manifestazioni category-prodotti-e-degustazioni '><div class=\"q_masonry_blog_post_image\"><a itemprop=\"url\" href=\"https:\/\/www.caseificiocastellan.it\/en\/castellan-extraordinary-2020\/\" target=\"_self\"><img decoding=\"async\" itemprop=\"image\" src=\"https:\/\/www.caseificiocastellan.it\/wp-content\/uploads\/2020\/01\/Extraordinary-Food-Wine-venice-Caseificio-Castellan-Urbano.jpg\" \/><\/a><\/div><div class=\"q_masonry_blog_post_text\"><h5 itemprop=\"name\" class=\"q_masonry_blog_title entry_title\"><a itemprop=\"url\" href=\"https:\/\/www.caseificiocastellan.it\/en\/castellan-extraordinary-2020\/\">Caseificio Castellan Urbano a Extraordinary Food &#038; Wine 2020<\/a><\/h5><p itemprop=\"description\" class=\"q_masonry_blog_excerpt\">Tre giorni di sperimentazione di nuove forme di relazione tra Arte e prodotti di straordinaria bont\u00e0...<\/p><div class=\"q_masonry_blog_post_info\"><span itemprop=\"dateCreated\" class=\"time entry_date updated\">18 January, 2020<meta itemprop=\"interactionCount\" content=\"UserComments: <?php echo get_comments_number(qode_get_page_id()); ?>\"\/><\/span><\/div><\/div><\/article><article  class='post-19197 post type-post status-publish format-standard has-post-thumbnail hentry category-fiere-e-manifestazioni category-prodotti-e-degustazioni category-ricette-e-cooking-show '><div class=\"q_masonry_blog_post_image\"><a itemprop=\"url\" href=\"https:\/\/www.caseificiocastellan.it\/en\/castellan-geo\/\" target=\"_self\"><img decoding=\"async\" itemprop=\"image\" src=\"https:\/\/www.caseificiocastellan.it\/wp-content\/uploads\/2020\/01\/GEO-Caseificio-castellan-Rai3.jpg\" \/><\/a><\/div><div class=\"q_masonry_blog_post_text\"><h5 itemprop=\"name\" class=\"q_masonry_blog_title entry_title\"><a itemprop=\"url\" href=\"https:\/\/www.caseificiocastellan.it\/en\/castellan-geo\/\">Caseificio Castellan Urbano a Geo<\/a><\/h5><p itemprop=\"description\" class=\"q_masonry_blog_excerpt\">In diretta su Rai 3, marted\u00ec 7 gennaio 2020 dalle ore 17.00 alle ore 18.55\r\n...<\/p><div class=\"q_masonry_blog_post_info\"><span itemprop=\"dateCreated\" class=\"time entry_date updated\">03 January, 2020<meta itemprop=\"interactionCount\" content=\"UserComments: <?php echo get_comments_number(qode_get_page_id()); ?>\"\/><\/span><\/div><\/div><\/article><article  class='post-19190 post type-post status-publish format-standard has-post-thumbnail hentry category-fiere-e-manifestazioni category-prodotti-e-degustazioni category-ricette-e-cooking-show '><div class=\"q_masonry_blog_post_image\"><a itemprop=\"url\" href=\"https:\/\/www.caseificiocastellan.it\/en\/pomeriggio-in-degustazione-2019\/\" target=\"_self\"><img decoding=\"async\" itemprop=\"image\" src=\"https:\/\/www.caseificiocastellan.it\/wp-content\/uploads\/2019\/11\/Pomeriggio-in-degustazione-Caseificio-Castellan-Urbano-2019.jpg\" \/><\/a><\/div><div class=\"q_masonry_blog_post_text\"><h5 itemprop=\"name\" class=\"q_masonry_blog_title entry_title\"><a itemprop=\"url\" href=\"https:\/\/www.caseificiocastellan.it\/en\/pomeriggio-in-degustazione-2019\/\">Tradizionale Pomeriggio in Degustazione 2019<\/a><\/h5><p itemprop=\"description\" class=\"q_masonry_blog_excerpt\">Si rinnova il tradizionale evento di degustazione natalizio in caseificio\r\n...<\/p><div class=\"q_masonry_blog_post_info\"><span itemprop=\"dateCreated\" class=\"time entry_date updated\">27 November, 2019<meta itemprop=\"interactionCount\" content=\"UserComments: <?php echo get_comments_number(qode_get_page_id()); ?>\"\/><\/span><\/div><\/div><\/article><article  class='post-19184 post type-post status-publish format-standard has-post-thumbnail hentry category-fiere-e-manifestazioni category-ricette-e-cooking-show '><div class=\"q_masonry_blog_post_image\"><a itemprop=\"url\" href=\"https:\/\/www.caseificiocastellan.it\/en\/castellan-igeho\/\" target=\"_self\"><img decoding=\"async\" itemprop=\"image\" src=\"https:\/\/www.caseificiocastellan.it\/wp-content\/uploads\/2019\/11\/Igeho_2019.jpg\" \/><\/a><\/div><div class=\"q_masonry_blog_post_text\"><h5 itemprop=\"name\" class=\"q_masonry_blog_title entry_title\"><a itemprop=\"url\" href=\"https:\/\/www.caseificiocastellan.it\/en\/castellan-igeho\/\">Caseificio Castellan Urbano a IGEHO 2019<\/a><\/h5><p itemprop=\"description\" class=\"q_masonry_blog_excerpt\">Dal 16 al 20 novembre 2019 Caseificio Castellan Urbano \u00e8 presente a Igeho, la pi\u00f9 importante Fiera svizzera del settore Alberghiero & Catering...<\/p><div class=\"q_masonry_blog_post_info\"><span itemprop=\"dateCreated\" class=\"time entry_date updated\">19 November, 2019<meta itemprop=\"interactionCount\" content=\"UserComments: <?php echo get_comments_number(qode_get_page_id()); ?>\"\/><\/span><\/div><\/div><\/article><article  class='post-19175 post type-post status-publish format-standard has-post-thumbnail hentry category-fiere-e-manifestazioni '><div class=\"q_masonry_blog_post_image\"><a itemprop=\"url\" href=\"https:\/\/www.caseificiocastellan.it\/en\/castellan-tre-bicchieri\/\" target=\"_self\"><img decoding=\"async\" itemprop=\"image\" src=\"https:\/\/www.caseificiocastellan.it\/wp-content\/uploads\/2019\/10\/Caseificio-Castellan-Urbano-TRE-BICCHIERI-2020-Gambero-Rosso.jpg\" \/><\/a><\/div><div class=\"q_masonry_blog_post_text\"><h5 itemprop=\"name\" class=\"q_masonry_blog_title entry_title\"><a itemprop=\"url\" href=\"https:\/\/www.caseificiocastellan.it\/en\/castellan-tre-bicchieri\/\">Caseificio Castellan Urbano a Tre Bicchieri Gambero Rosso 2020<\/a><\/h5><p itemprop=\"description\" class=\"q_masonry_blog_excerpt\">Grande degustazione TRE BICCHIERI 2020 Gambero Rosso e dei formaggi Caseificio Castellan Urbano...<\/p><div class=\"q_masonry_blog_post_info\"><span itemprop=\"dateCreated\" class=\"time entry_date updated\">24 October, 2019<meta itemprop=\"interactionCount\" content=\"UserComments: <?php echo get_comments_number(qode_get_page_id()); ?>\"\/><\/span><\/div><\/div><\/article><article  class='post-19158 post type-post status-publish format-standard has-post-thumbnail hentry category-fiere-e-manifestazioni '><div class=\"q_masonry_blog_post_image\"><a itemprop=\"url\" href=\"https:\/\/www.caseificiocastellan.it\/en\/b2cheese-2019\/\" target=\"_self\"><img decoding=\"async\" itemprop=\"image\" src=\"https:\/\/www.caseificiocastellan.it\/wp-content\/uploads\/2019\/10\/Caseificio-Castellan-B2Cheese-2019.jpg\" \/><\/a><\/div><div class=\"q_masonry_blog_post_text\"><h5 itemprop=\"name\" class=\"q_masonry_blog_title entry_title\"><a itemprop=\"url\" href=\"https:\/\/www.caseificiocastellan.it\/en\/b2cheese-2019\/\">Caseificio Castellan Urbano a B2Cheese<\/a><\/h5><p itemprop=\"description\" class=\"q_masonry_blog_excerpt\">Un\u2019opportunit\u00e0 straordinaria per conoscere e incontrare il meglio del Made in Italy caseario...<\/p><div class=\"q_masonry_blog_post_info\"><span itemprop=\"dateCreated\" class=\"time entry_date updated\">16 October, 2019<meta itemprop=\"interactionCount\" content=\"UserComments: <?php echo get_comments_number(qode_get_page_id()); ?>\"\/><\/span><\/div><\/div><\/article><article  class='post-19139 post type-post status-publish format-standard has-post-thumbnail hentry category-fiere-e-manifestazioni '><div class=\"q_masonry_blog_post_image\"><a itemprop=\"url\" href=\"https:\/\/www.caseificiocastellan.it\/en\/caseus-veneti-tre-podi\/\" target=\"_self\"><img decoding=\"async\" itemprop=\"image\" src=\"https:\/\/www.caseificiocastellan.it\/wp-content\/uploads\/2019\/10\/CACIOTTA-DI-CAPRA-CASEIFICIO-CASTELLAN-VINCITRICE-CASEUS-VENETI-2019.jpg\" \/><\/a><\/div><div class=\"q_masonry_blog_post_text\"><h5 itemprop=\"name\" class=\"q_masonry_blog_title entry_title\"><a itemprop=\"url\" href=\"https:\/\/www.caseificiocastellan.it\/en\/caseus-veneti-tre-podi\/\">Caseus Veneti 2019: tre podi per il Caseificio Castellan Urbano. La Caciotta di Capra prima classificata.<\/a><\/h5><p itemprop=\"description\" class=\"q_masonry_blog_excerpt\">La caciotta di Capra Castellan eletta miglior formaggio di capra del Veneto 2019...<\/p><div class=\"q_masonry_blog_post_info\"><span itemprop=\"dateCreated\" class=\"time entry_date updated\">02 October, 2019<meta itemprop=\"interactionCount\" content=\"UserComments: <?php echo get_comments_number(qode_get_page_id()); ?>\"\/><\/span><\/div><\/div><\/article><article  class='post-19114 post type-post status-publish format-standard has-post-thumbnail hentry category-fiere-e-manifestazioni '><div class=\"q_masonry_blog_post_image\"><a itemprop=\"url\" href=\"https:\/\/www.caseificiocastellan.it\/en\/caseus-veneti-2019\/\" target=\"_self\"><img decoding=\"async\" itemprop=\"image\" src=\"https:\/\/www.caseificiocastellan.it\/wp-content\/uploads\/2019\/09\/69150274_2396214123793836_3760623770390233088_o.jpg\" \/><\/a><\/div><div class=\"q_masonry_blog_post_text\"><h5 itemprop=\"name\" class=\"q_masonry_blog_title entry_title\"><a itemprop=\"url\" href=\"https:\/\/www.caseificiocastellan.it\/en\/caseus-veneti-2019\/\">Caseus Veneti 2019<\/a><\/h5><p itemprop=\"description\" class=\"q_masonry_blog_excerpt\">Caseificio Castellan Urbano a Caseus Veneti 2019: due giornate dedicate al formaggio...<\/p><div class=\"q_masonry_blog_post_info\"><span itemprop=\"dateCreated\" class=\"time entry_date updated\">27 September, 2019<meta itemprop=\"interactionCount\" content=\"UserComments: <?php echo get_comments_number(qode_get_page_id()); ?>\"\/><\/span><\/div><\/div><\/article><article  class='post-19094 post type-post status-publish format-standard has-post-thumbnail hentry category-fiere-e-manifestazioni category-press '><div class=\"q_masonry_blog_post_image\"><a itemprop=\"url\" href=\"https:\/\/www.caseificiocastellan.it\/en\/convention-donne-impresa-confartigianato\/\" target=\"_self\"><img decoding=\"async\" itemprop=\"image\" src=\"https:\/\/www.caseificiocastellan.it\/wp-content\/uploads\/2019\/09\/48788388441_0f4c07875b_o.jpg\" \/><\/a><\/div><div class=\"q_masonry_blog_post_text\"><h5 itemprop=\"name\" class=\"q_masonry_blog_title entry_title\"><a itemprop=\"url\" href=\"https:\/\/www.caseificiocastellan.it\/en\/convention-donne-impresa-confartigianato\/\">Convention Nazionale Donne Impresa Confartigianato 2019<\/a><\/h5><p itemprop=\"description\" class=\"q_masonry_blog_excerpt\">Convention annuale del Movimento Donne Impresa Confartigianato - Roma, 23 settembre 2019\r\n...<\/p><div class=\"q_masonry_blog_post_info\"><span itemprop=\"dateCreated\" class=\"time entry_date updated\">25 September, 2019<meta itemprop=\"interactionCount\" content=\"UserComments: <?php echo get_comments_number(qode_get_page_id()); ?>\"\/><\/span><\/div><\/div><\/article><article  class='post-19087 post type-post status-publish format-standard has-post-thumbnail hentry category-fiere-e-manifestazioni category-press '><div class=\"q_masonry_blog_post_image\"><a itemprop=\"url\" href=\"https:\/\/www.caseificiocastellan.it\/en\/pitch-confartigianato-2019\/\" target=\"_self\"><img decoding=\"async\" itemprop=\"image\" src=\"https:\/\/www.caseificiocastellan.it\/wp-content\/uploads\/2019\/09\/Meeting-Donne-Impresa-800.jpg\" \/><\/a><\/div><div class=\"q_masonry_blog_post_text\"><h5 itemprop=\"name\" class=\"q_masonry_blog_title entry_title\"><a itemprop=\"url\" href=\"https:\/\/www.caseificiocastellan.it\/en\/pitch-confartigianato-2019\/\">Caseificio Castellan Urbano selezionato al PITCH talenti ed eccellenze dell\u2019imprenditoria femminile &#8211; Movimento Donne Impresa Confartigianato<\/a><\/h5><p itemprop=\"description\" class=\"q_masonry_blog_excerpt\">Convention annuale del Movimento Donne Impresa Confartigianato - Roma, 23 settembre 2019\r\n...<\/p><div class=\"q_masonry_blog_post_info\"><span itemprop=\"dateCreated\" class=\"time entry_date updated\">23 September, 2019<meta itemprop=\"interactionCount\" content=\"UserComments: <?php echo get_comments_number(qode_get_page_id()); ?>\"\/><\/span><\/div><\/div><\/article><article  class='post-19044 post type-post status-publish format-standard has-post-thumbnail hentry category-press '><div class=\"q_masonry_blog_post_image\"><a itemprop=\"url\" href=\"https:\/\/www.caseificiocastellan.it\/en\/50-anni-castellan\/\" target=\"_self\"><img decoding=\"async\" itemprop=\"image\" src=\"https:\/\/www.caseificiocastellan.it\/wp-content\/uploads\/2019\/09\/Immagine-cover-video.jpg\" \/><\/a><\/div><div class=\"q_masonry_blog_post_text\"><h5 itemprop=\"name\" class=\"q_masonry_blog_title entry_title\"><a itemprop=\"url\" href=\"https:\/\/www.caseificiocastellan.it\/en\/50-anni-castellan\/\">I 50 anni del Caseificio Castellan Urbano<\/a><\/h5><p itemprop=\"description\" class=\"q_masonry_blog_excerpt\">Eccellenza veneta e tradizione: i 50 anni del Caseificio Castellan...<\/p><div class=\"q_masonry_blog_post_info\"><span itemprop=\"dateCreated\" class=\"time entry_date updated\">02 September, 2019<meta itemprop=\"interactionCount\" content=\"UserComments: <?php echo get_comments_number(qode_get_page_id()); ?>\"\/><\/span><\/div><\/div><\/article><article  class='post-18974 post type-post status-publish format-standard has-post-thumbnail hentry category-fiere-e-manifestazioni category-prodotti-e-degustazioni category-ricette-e-cooking-show '><div class=\"q_masonry_blog_post_image\"><a itemprop=\"url\" href=\"https:\/\/www.caseificiocastellan.it\/en\/ricette-ristoranti-50-castellan\/\" target=\"_self\"><img decoding=\"async\" itemprop=\"image\" src=\"https:\/\/www.caseificiocastellan.it\/wp-content\/uploads\/2019\/08\/Ricette-ristoranti-Bassano-del-Grappa-Caseificio-Castellan-Urbano-1.jpg\" \/><\/a><\/div><div class=\"q_masonry_blog_post_text\"><h5 itemprop=\"name\" class=\"q_masonry_blog_title entry_title\"><a itemprop=\"url\" href=\"https:\/\/www.caseificiocastellan.it\/en\/ricette-ristoranti-50-castellan\/\">Le ricette dei ristoranti bassanesi per celebrare il 50\u00b0 del Caseificio Castellan Urbano<\/a><\/h5><p itemprop=\"description\" class=\"q_masonry_blog_excerpt\">I piatti speciali studiati dagli chef bassanesi per celebrare il 50\u00b0 anniversario del caseificio Castellan...<\/p><div class=\"q_masonry_blog_post_info\"><span itemprop=\"dateCreated\" class=\"time entry_date updated\">26 August, 2019<meta itemprop=\"interactionCount\" content=\"UserComments: <?php echo get_comments_number(qode_get_page_id()); ?>\"\/><\/span><\/div><\/div><\/article><article  class='post-18960 post type-post status-publish format-standard has-post-thumbnail hentry category-press '><div class=\"q_masonry_blog_post_image\"><a itemprop=\"url\" href=\"https:\/\/www.caseificiocastellan.it\/en\/intervista-sonia-castellan\/\" target=\"_self\"><img decoding=\"async\" itemprop=\"image\" src=\"https:\/\/www.caseificiocastellan.it\/wp-content\/uploads\/2019\/06\/Beyond-Taste-Oltre-il-Gusto-Magazine-Edizione-Estate-intervista-Sonia-Castellan-q.jpg\" \/><\/a><\/div><div class=\"q_masonry_blog_post_text\"><h5 itemprop=\"name\" class=\"q_masonry_blog_title entry_title\"><a itemprop=\"url\" href=\"https:\/\/www.caseificiocastellan.it\/en\/intervista-sonia-castellan\/\">Intervista a Sonia Castellan Beyond Taste &#8211; Oltre il Gusto Magazine Edizione Estate<\/a><\/h5><p itemprop=\"description\" class=\"q_masonry_blog_excerpt\">Beyond Taste Oltre il Gusto Magazine Edizione Estate intervista Sonia Castellan\r\n...<\/p><div class=\"q_masonry_blog_post_info\"><span itemprop=\"dateCreated\" class=\"time entry_date updated\">13 June, 2019<meta itemprop=\"interactionCount\" content=\"UserComments: <?php echo get_comments_number(qode_get_page_id()); ?>\"\/><\/span><\/div><\/div><\/article><article  class='post-18903 post type-post status-publish format-standard has-post-thumbnail hentry category-fiere-e-manifestazioni '><div class=\"q_masonry_blog_post_image\"><a itemprop=\"url\" href=\"https:\/\/www.caseificiocastellan.it\/en\/tuttofood-2019\/\" target=\"_self\"><img decoding=\"async\" itemprop=\"image\" src=\"https:\/\/www.caseificiocastellan.it\/wp-content\/uploads\/2019\/04\/Caseificio-Castellan-Urbano_TuttoFood-Milano-2019.jpg\" \/><\/a><\/div><div class=\"q_masonry_blog_post_text\"><h5 itemprop=\"name\" class=\"q_masonry_blog_title entry_title\"><a itemprop=\"url\" href=\"https:\/\/www.caseificiocastellan.it\/en\/tuttofood-2019\/\">Caseificio Castellan Urbano a TUTTOFOOD2019<\/a><\/h5><p itemprop=\"description\" class=\"q_masonry_blog_excerpt\">Siamo presenti a TUTTOFOOD 2019, la fiera internazionale del B2B dedicata al food & beverage organizzata da Fiera Milano\r\n...<\/p><div class=\"q_masonry_blog_post_info\"><span itemprop=\"dateCreated\" class=\"time entry_date updated\">30 April, 2019<meta itemprop=\"interactionCount\" content=\"UserComments: <?php echo get_comments_number(qode_get_page_id()); ?>\"\/><\/span><\/div><\/div><\/article><article  class='post-18969 post type-post status-publish format-standard has-post-thumbnail hentry category-fiere-e-manifestazioni category-prodotti-e-degustazioni category-ricette-e-cooking-show '><div class=\"q_masonry_blog_post_image\"><a itemprop=\"url\" href=\"https:\/\/www.caseificiocastellan.it\/en\/ristoranti-incontrano-castellan\/\" target=\"_self\"><img decoding=\"async\" itemprop=\"image\" src=\"https:\/\/www.caseificiocastellan.it\/wp-content\/uploads\/2019\/08\/Ristoranti-Caseificio-Castellan-Urbano.jpg\" \/><\/a><\/div><div class=\"q_masonry_blog_post_text\"><h5 itemprop=\"name\" class=\"q_masonry_blog_title entry_title\"><a itemprop=\"url\" href=\"https:\/\/www.caseificiocastellan.it\/en\/ristoranti-incontrano-castellan\/\">I ristoranti bassanesi incontrano i formaggi Castellan<\/a><\/h5><p itemprop=\"description\" class=\"q_masonry_blog_excerpt\">Iniziano i festeggiamenti per celebrare il 50\u00b0 anno di attivit\u00e0 del\u00a0Caseificio Castellan Urbano...<\/p><div class=\"q_masonry_blog_post_info\"><span itemprop=\"dateCreated\" class=\"time entry_date updated\">16 April, 2019<meta itemprop=\"interactionCount\" content=\"UserComments: <?php echo get_comments_number(qode_get_page_id()); ?>\"\/><\/span><\/div><\/div><\/article><article  class='post-18895 post type-post status-publish format-standard has-post-thumbnail hentry category-fiere-e-manifestazioni category-ricette-e-cooking-show '><div class=\"q_masonry_blog_post_image\"><a itemprop=\"url\" href=\"https:\/\/www.caseificiocastellan.it\/en\/gourmandia-2019\/\" target=\"_self\"><img decoding=\"async\" itemprop=\"image\" src=\"https:\/\/www.caseificiocastellan.it\/wp-content\/uploads\/2019\/04\/GOURMANDIA-2019-WEB.jpg\" \/><\/a><\/div><div class=\"q_masonry_blog_post_text\"><h5 itemprop=\"name\" class=\"q_masonry_blog_title entry_title\"><a itemprop=\"url\" href=\"https:\/\/www.caseificiocastellan.it\/en\/gourmandia-2019\/\">Caseificio Castellan Urbano a Gourmandia 2019<\/a><\/h5><p itemprop=\"description\" class=\"q_masonry_blog_excerpt\">Gourmandia \u00e8 il pi\u00f9 grande evento enogastronomico della primavera veneta, un gastro-tour tra le migliori specialit\u00e0 artigianali italiane\r\n...<\/p><div class=\"q_masonry_blog_post_info\"><span itemprop=\"dateCreated\" class=\"time entry_date updated\">11 April, 2019<meta itemprop=\"interactionCount\" content=\"UserComments: <?php echo get_comments_number(qode_get_page_id()); ?>\"\/><\/span><\/div><\/div><\/article><article  class='post-18871 post type-post status-publish format-standard has-post-thumbnail hentry category-prodotti-e-degustazioni category-ricette-e-cooking-show '><div class=\"q_masonry_blog_post_image\"><a itemprop=\"url\" href=\"https:\/\/www.caseificiocastellan.it\/en\/degustazione-formaggi-castellan-palermo\/\" target=\"_self\"><img decoding=\"async\" itemprop=\"image\" src=\"https:\/\/www.caseificiocastellan.it\/wp-content\/uploads\/2019\/03\/Prezzemolo-e-Vitale_Caseificio-Castellan-Urbano_marzo-2019.jpg\" \/><\/a><\/div><div class=\"q_masonry_blog_post_text\"><h5 itemprop=\"name\" class=\"q_masonry_blog_title entry_title\"><a itemprop=\"url\" href=\"https:\/\/www.caseificiocastellan.it\/en\/degustazione-formaggi-castellan-palermo\/\">Degustazione formaggi Castellan nei punti vendita Prezzemolo &#038; Vitale a Palermo<\/a><\/h5><p itemprop=\"description\" class=\"q_masonry_blog_excerpt\">3 appuntamenti in 3 giornate aperti al pubblico, nei punti vendita Prezzemolo & Vitale a Palermo\r\n...<\/p><div class=\"q_masonry_blog_post_info\"><span itemprop=\"dateCreated\" class=\"time entry_date updated\">29 March, 2019<meta itemprop=\"interactionCount\" content=\"UserComments: <?php echo get_comments_number(qode_get_page_id()); ?>\"\/><\/span><\/div><\/div><\/article><article  class='post-18856 post type-post status-publish format-standard has-post-thumbnail hentry category-press '><div class=\"q_masonry_blog_post_image\"><a itemprop=\"url\" href=\"https:\/\/www.caseificiocastellan.it\/en\/iso-22000\/\" target=\"_self\"><img decoding=\"async\" itemprop=\"image\" src=\"https:\/\/www.caseificiocastellan.it\/wp-content\/uploads\/2019\/03\/DCE-22000-Caseificio-Castellan-Urbano-C-s.a.s.-2019.jpg\" \/><\/a><\/div><div class=\"q_masonry_blog_post_text\"><h5 itemprop=\"name\" class=\"q_masonry_blog_title entry_title\"><a itemprop=\"url\" href=\"https:\/\/www.caseificiocastellan.it\/en\/iso-22000\/\">Rilascio Certificazione UNI EN ISO 22000:2005 &#8211; Delibera del CEC di CSQA &#8211; Caseificio Castellan Urbano &#038; C s.a.s. &#8211; 2019<\/a><\/h5><p itemprop=\"description\" class=\"q_masonry_blog_excerpt\">Lo standard qualitativo comunitario che riguarda i \u201cSistemi di gestione per la sicurezza alimentare - Requisiti per qualsiasi organizzazione nella filiera alimentare\u201d\r\n...<\/p><div class=\"q_masonry_blog_post_info\"><span itemprop=\"dateCreated\" class=\"time entry_date updated\">11 March, 2019<meta itemprop=\"interactionCount\" content=\"UserComments: <?php echo get_comments_number(qode_get_page_id()); ?>\"\/><\/span><\/div><\/div><\/article><article  class='post-18542 post type-post status-publish format-standard has-post-thumbnail hentry category-fiere-e-manifestazioni category-press '><div class=\"q_masonry_blog_post_image\"><a itemprop=\"url\" href=\"https:\/\/www.caseificiocastellan.it\/en\/caseificio-castellan-tre-bicchieri\/\" target=\"_self\"><img decoding=\"async\" itemprop=\"image\" src=\"https:\/\/www.caseificiocastellan.it\/wp-content\/uploads\/2019\/01\/Gambero-Rosso-Magazine-Tre-Bicchieri-Milano-Caseificio-Castellan-Urbano.jpg\" \/><\/a><\/div><div class=\"q_masonry_blog_post_text\"><h5 itemprop=\"name\" class=\"q_masonry_blog_title entry_title\"><a itemprop=\"url\" href=\"https:\/\/www.caseificiocastellan.it\/en\/caseificio-castellan-tre-bicchieri\/\">I Tre Bicchieri: una festa del Made in Italy gourmet<\/a><\/h5><p itemprop=\"description\" class=\"q_masonry_blog_excerpt\">Il Gambero Rosso Magazine\u00a0(febbraio 2019) sull\u2019evento Tre Bicchieri che si \u00e8 svolto a Milano lo scorso dicembre...<\/p><div class=\"q_masonry_blog_post_info\"><span itemprop=\"dateCreated\" class=\"time entry_date updated\">16 January, 2019<meta itemprop=\"interactionCount\" content=\"UserComments: <?php echo get_comments_number(qode_get_page_id()); ?>\"\/><\/span><\/div><\/div><\/article><article  class='post-18419 post type-post status-publish format-standard has-post-thumbnail hentry category-fiere-e-manifestazioni category-prodotti-e-degustazioni category-ricette-e-cooking-show '><div class=\"q_masonry_blog_post_image\"><a itemprop=\"url\" href=\"https:\/\/www.caseificiocastellan.it\/en\/extraordinary-venice\/\" target=\"_self\"><img decoding=\"async\" itemprop=\"image\" src=\"https:\/\/www.caseificiocastellan.it\/wp-content\/uploads\/2019\/01\/EXTRAORDINARY-VENICE.jpg\" \/><\/a><\/div><div class=\"q_masonry_blog_post_text\"><h5 itemprop=\"name\" class=\"q_masonry_blog_title entry_title\"><a itemprop=\"url\" href=\"https:\/\/www.caseificiocastellan.it\/en\/extraordinary-venice\/\">Caseificio Castellan Urbano a Extraordinary Food &#038; Wine 2019<\/a><\/h5><p itemprop=\"description\" class=\"q_masonry_blog_excerpt\">Le eccellenze si ritrovano a Venezia. Hotel Monaco & Grand Canal - Venice\u00a0@ The Grand Canal, San Marco. Venezia, 26-27-28 gennaio 2019...<\/p><div class=\"q_masonry_blog_post_info\"><span itemprop=\"dateCreated\" class=\"time entry_date updated\">07 January, 2019<meta itemprop=\"interactionCount\" content=\"UserComments: <?php echo get_comments_number(qode_get_page_id()); ?>\"\/><\/span><\/div><\/div><\/article><article  class='post-16554 post type-post status-publish format-standard has-post-thumbnail hentry category-fiere-e-manifestazioni category-prodotti-e-degustazioni category-ricette-e-cooking-show '><div class=\"q_masonry_blog_post_image\"><a itemprop=\"url\" href=\"https:\/\/www.caseificiocastellan.it\/en\/gambero-rosso-2019\/\" target=\"_self\"><img decoding=\"async\" itemprop=\"image\" src=\"https:\/\/www.caseificiocastellan.it\/wp-content\/uploads\/2018\/11\/Tre-Bicchieri-Milano-Caseificio-Castellan.jpg\" \/><\/a><\/div><div class=\"q_masonry_blog_post_text\"><h5 itemprop=\"name\" class=\"q_masonry_blog_title entry_title\"><a itemprop=\"url\" href=\"https:\/\/www.caseificiocastellan.it\/en\/gambero-rosso-2019\/\">Caseificio Castellan Urbano a Tre Bicchieri Gambero Rosso 2019<\/a><\/h5><p itemprop=\"description\" class=\"q_masonry_blog_excerpt\">I formaggi Caseificio Castellan Urbano sono stati selezionati per essere abbinati alle etichette premiate dalla Guida Vini d\u2019Italia 2019 del Gambero Rosso...<\/p><div class=\"q_masonry_blog_post_info\"><span itemprop=\"dateCreated\" class=\"time entry_date updated\">29 November, 2018<meta itemprop=\"interactionCount\" content=\"UserComments: <?php echo get_comments_number(qode_get_page_id()); ?>\"\/><\/span><\/div><\/div><\/article><article  class='post-16601 post type-post status-publish format-standard has-post-thumbnail hentry category-prodotti-e-degustazioni '><div class=\"q_masonry_blog_post_image\"><a itemprop=\"url\" href=\"https:\/\/www.caseificiocastellan.it\/en\/pomeriggio-in-degustazione-2018\/\" target=\"_self\"><img decoding=\"async\" itemprop=\"image\" src=\"https:\/\/www.caseificiocastellan.it\/wp-content\/uploads\/2018\/11\/Pomeriggio-in-degustazione-Natale-2018.jpg\" \/><\/a><\/div><div class=\"q_masonry_blog_post_text\"><h5 itemprop=\"name\" class=\"q_masonry_blog_title entry_title\"><a itemprop=\"url\" href=\"https:\/\/www.caseificiocastellan.it\/en\/pomeriggio-in-degustazione-2018\/\">Pomeriggio in degustazione<\/a><\/h5><p itemprop=\"description\" class=\"q_masonry_blog_excerpt\">Anche quest\u2019anno si rinnova il tradizionale evento pre-natalizio al Caseificio Castellan Urbano...<\/p><div class=\"q_masonry_blog_post_info\"><span itemprop=\"dateCreated\" class=\"time entry_date updated\">28 November, 2018<meta itemprop=\"interactionCount\" content=\"UserComments: <?php echo get_comments_number(qode_get_page_id()); ?>\"\/><\/span><\/div><\/div><\/article><article  class='post-16559 post type-post status-publish format-standard has-post-thumbnail hentry category-fiere-e-manifestazioni category-prodotti-e-degustazioni category-ricette-e-cooking-show '><div class=\"q_masonry_blog_post_image\"><a itemprop=\"url\" href=\"https:\/\/www.caseificiocastellan.it\/en\/we-food-2019\/\" target=\"_self\"><img decoding=\"async\" itemprop=\"image\" src=\"https:\/\/www.caseificiocastellan.it\/wp-content\/uploads\/2018\/10\/Header_3-INSTA.png\" \/><\/a><\/div><div class=\"q_masonry_blog_post_text\"><h5 itemprop=\"name\" class=\"q_masonry_blog_title entry_title\"><a itemprop=\"url\" href=\"https:\/\/www.caseificiocastellan.it\/en\/we-food-2019\/\">WE-FOOD, un weekend alla scoperta delle Fabbriche del Gusto<\/a><\/h5><p itemprop=\"description\" class=\"q_masonry_blog_excerpt\">Il 3 a 4 novembre il Caseificio Castellan Urbano apre l'accesso del suo stabilimento al grande pubblico...<\/p><div class=\"q_masonry_blog_post_info\"><span itemprop=\"dateCreated\" class=\"time entry_date updated\">23 October, 2018<meta itemprop=\"interactionCount\" content=\"UserComments: <?php echo get_comments_number(qode_get_page_id()); ?>\"\/><\/span><\/div><\/div><\/article><article  class='post-16544 post type-post status-publish format-standard has-post-thumbnail hentry category-fiere-e-manifestazioni '><div class=\"q_masonry_blog_post_image\"><a itemprop=\"url\" href=\"https:\/\/www.caseificiocastellan.it\/en\/finalista-italian-cheese-awards-2018\/\" target=\"_self\"><img decoding=\"async\" itemprop=\"image\" src=\"https:\/\/www.caseificiocastellan.it\/wp-content\/uploads\/2013\/10\/Caseificio-Castellan-Italian-Cheese-Awards-2018.jpg\" \/><\/a><\/div><div class=\"q_masonry_blog_post_text\"><h5 itemprop=\"name\" class=\"q_masonry_blog_title entry_title\"><a itemprop=\"url\" href=\"https:\/\/www.caseificiocastellan.it\/en\/finalista-italian-cheese-awards-2018\/\">Finalista Italian Cheese Awards 2018<\/a><\/h5><p itemprop=\"description\" class=\"q_masonry_blog_excerpt\">Abbiamo vissuto a FICO Eataly World (Bologna) una giornata entusiasmante con lo Stracchino Caseificio Castellan Urbano ancora una volta tra i 3 finalisti all\u2019Italian Cheese Awards nella categoria Freschissimi...<\/p><div class=\"q_masonry_blog_post_info\"><span itemprop=\"dateCreated\" class=\"time entry_date updated\">13 October, 2018<meta itemprop=\"interactionCount\" content=\"UserComments: <?php echo get_comments_number(qode_get_page_id()); ?>\"\/><\/span><\/div><\/div><\/article><article  class='post-16596 post type-post status-publish format-standard has-post-thumbnail hentry category-fiere-e-manifestazioni category-prodotti-e-degustazioni category-ricette-e-cooking-show '><div class=\"q_masonry_blog_post_image\"><a itemprop=\"url\" href=\"https:\/\/www.caseificiocastellan.it\/en\/ristoro-gourmet-cmptrail-2018\/\" target=\"_self\"><img decoding=\"async\" itemprop=\"image\" src=\"https:\/\/www.caseificiocastellan.it\/wp-content\/uploads\/2018\/11\/42857496_2190960804458811_7286788192374620160_n.jpg\" \/><\/a><\/div><div class=\"q_masonry_blog_post_text\"><h5 itemprop=\"name\" class=\"q_masonry_blog_title entry_title\"><a itemprop=\"url\" href=\"https:\/\/www.caseificiocastellan.it\/en\/ristoro-gourmet-cmptrail-2018\/\">Punto di ristoro Gourmet e Pasta Party del Caseificio Castellan Urbano al CMP Trail 2018<\/a><\/h5><p itemprop=\"description\" class=\"q_masonry_blog_excerpt\">Una sosta gourmet sana e gustosa all\u2019Oasi Gemma, ultimo punto di ristoro del CMP Trail di domenica 7 ottobre, ideata e realizzata per l\u2019occasione dalla Chef Anna Maria Pellegrino...<\/p><div class=\"q_masonry_blog_post_info\"><span itemprop=\"dateCreated\" class=\"time entry_date updated\">03 October, 2018<meta itemprop=\"interactionCount\" content=\"UserComments: <?php echo get_comments_number(qode_get_page_id()); ?>\"\/><\/span><\/div><\/div><\/article><article  class='post-16586 post type-post status-publish format-standard has-post-thumbnail hentry category-fiere-e-manifestazioni category-prodotti-e-degustazioni category-ricette-e-cooking-show '><div class=\"q_masonry_blog_post_image\"><a itemprop=\"url\" href=\"https:\/\/www.caseificiocastellan.it\/en\/caciotta-vincitrice-caseus-2018\/\" target=\"_self\"><img decoding=\"async\" itemprop=\"image\" src=\"https:\/\/www.caseificiocastellan.it\/wp-content\/uploads\/2018\/09\/Caciotta-Castellan-Caseus-Veneti-2019.jpg\" \/><\/a><\/div><div class=\"q_masonry_blog_post_text\"><h5 itemprop=\"name\" class=\"q_masonry_blog_title entry_title\"><a itemprop=\"url\" href=\"https:\/\/www.caseificiocastellan.it\/en\/caciotta-vincitrice-caseus-2018\/\">La Caciotta Veneta prima classificata a Caseus Veneti 2018<\/a><\/h5><p itemprop=\"description\" class=\"q_masonry_blog_excerpt\">Per il secondo anno consecutivo la Caciotta Veneta Caseificio Castellan Urbano prima classificata a Caseus Veneti 2018...<\/p><div class=\"q_masonry_blog_post_info\"><span itemprop=\"dateCreated\" class=\"time entry_date updated\">29 September, 2018<meta itemprop=\"interactionCount\" content=\"UserComments: <?php echo get_comments_number(qode_get_page_id()); ?>\"\/><\/span><\/div><\/div><\/article><article  class='post-16568 post type-post status-publish format-standard has-post-thumbnail hentry category-fiere-e-manifestazioni category-prodotti-e-degustazioni category-ricette-e-cooking-show '><div class=\"q_masonry_blog_post_image\"><a itemprop=\"url\" href=\"https:\/\/www.caseificiocastellan.it\/en\/invito-caseus-veneti-2018\/\" target=\"_self\"><img decoding=\"async\" itemprop=\"image\" src=\"https:\/\/www.caseificiocastellan.it\/wp-content\/uploads\/2018\/09\/41527346_1887417151340205_7504338873011404800_n.jpg\" \/><\/a><\/div><div class=\"q_masonry_blog_post_text\"><h5 itemprop=\"name\" class=\"q_masonry_blog_title entry_title\"><a itemprop=\"url\" href=\"https:\/\/www.caseificiocastellan.it\/en\/invito-caseus-veneti-2018\/\">Invito a Caseus Veneti 2018<\/a><\/h5><p itemprop=\"description\" class=\"q_masonry_blog_excerpt\">Oltre 400 formaggi in concorso e festa popolare tra degustazioni, foodtruck, cooking show, mostre e corsi nella imponente Villa Contarini di Piazzola sul Brenta (PD)...<\/p><div class=\"q_masonry_blog_post_info\"><span itemprop=\"dateCreated\" class=\"time entry_date updated\">24 September, 2018<meta itemprop=\"interactionCount\" content=\"UserComments: <?php echo get_comments_number(qode_get_page_id()); ?>\"\/><\/span><\/div><\/div><\/article><article  class='post-4686 post type-post status-publish format-standard has-post-thumbnail hentry category-fiere-e-manifestazioni category-prodotti-e-degustazioni category-ricette-e-cooking-show '><div class=\"q_masonry_blog_post_image\"><a itemprop=\"url\" href=\"https:\/\/www.caseificiocastellan.it\/en\/le-avventure-di-alice-nel-paese-delle-meraviglie-al-caseificio-castellan-urbano\/\" target=\"_self\"><img decoding=\"async\" itemprop=\"image\" src=\"https:\/\/www.caseificiocastellan.it\/wp-content\/uploads\/2018\/05\/Buon-non-compleanno.jpg\" \/><\/a><\/div><div class=\"q_masonry_blog_post_text\"><h5 itemprop=\"name\" class=\"q_masonry_blog_title entry_title\"><a itemprop=\"url\" href=\"https:\/\/www.caseificiocastellan.it\/en\/le-avventure-di-alice-nel-paese-delle-meraviglie-al-caseificio-castellan-urbano\/\">Le avventure di Alice nel paese delle meraviglie al Caseificio Castellan Urbano<\/a><\/h5><p itemprop=\"description\" class=\"q_masonry_blog_excerpt\">L\u2019incanto di un pomeriggio sottosopra, all\u2019aria aperta, dedicato ai bambini. Venerd\u00ec 25 maggio 2018 dalle ore 16 alle ore 19...<\/p><div class=\"q_masonry_blog_post_info\"><span itemprop=\"dateCreated\" class=\"time entry_date updated\">08 May, 2018<meta itemprop=\"interactionCount\" content=\"UserComments: <?php echo get_comments_number(qode_get_page_id()); ?>\"\/><\/span><\/div><\/div><\/article><article  class='post-4682 post type-post status-publish format-standard has-post-thumbnail hentry category-fiere-e-manifestazioni category-prodotti-e-degustazioni category-ricette-e-cooking-show '><div class=\"q_masonry_blog_post_image\"><a itemprop=\"url\" href=\"https:\/\/www.caseificiocastellan.it\/en\/caseificio-castellan-urbano-a-gourmandia\/\" target=\"_self\"><img decoding=\"async\" itemprop=\"image\" src=\"https:\/\/www.caseificiocastellan.it\/wp-content\/uploads\/2018\/05\/post-5a2.jpg\" \/><\/a><\/div><div class=\"q_masonry_blog_post_text\"><h5 itemprop=\"name\" class=\"q_masonry_blog_title entry_title\"><a itemprop=\"url\" href=\"https:\/\/www.caseificiocastellan.it\/en\/caseificio-castellan-urbano-a-gourmandia\/\">Caseificio Castellan Urbano a Gourmandia<\/a><\/h5><p itemprop=\"description\" class=\"q_masonry_blog_excerpt\">Gourmandia \u00e8 l\u2019evento che porta in Veneto una selezione di salumi, formaggi, dolci, vini, birre, prodotti ittici e lievitati da tutta Italia e un ricco programma di show cooking con il top degli chef...<\/p><div class=\"q_masonry_blog_post_info\"><span itemprop=\"dateCreated\" class=\"time entry_date updated\">08 May, 2018<meta itemprop=\"interactionCount\" content=\"UserComments: <?php echo get_comments_number(qode_get_page_id()); ?>\"\/><\/span><\/div><\/div><\/article><article  class='post-4673 post type-post status-publish format-standard has-post-thumbnail hentry category-fiere-e-manifestazioni category-prodotti-e-degustazioni category-ricette-e-cooking-show '><div class=\"q_masonry_blog_post_image\"><a itemprop=\"url\" href=\"https:\/\/www.caseificiocastellan.it\/en\/la-grande-bellezza-in-cucina-spezie-te-e-infusi\/\" target=\"_self\"><img decoding=\"async\" itemprop=\"image\" src=\"https:\/\/www.caseificiocastellan.it\/wp-content\/uploads\/2018\/04\/Foto-gruppo-Patrizia-Nobile-Castellan.jpg\" \/><\/a><\/div><div class=\"q_masonry_blog_post_text\"><h5 itemprop=\"name\" class=\"q_masonry_blog_title entry_title\"><a itemprop=\"url\" href=\"https:\/\/www.caseificiocastellan.it\/en\/la-grande-bellezza-in-cucina-spezie-te-e-infusi\/\">La grande bellezza in cucina. Spezie, t\u00e8 e infusi.<\/a><\/h5><p itemprop=\"description\" class=\"q_masonry_blog_excerpt\">Terzo e ultimo incontro tematico di storia, cucina e gusto. Sar\u00e0 con noi Patrizia Nobile che ci accompagner\u00e0 nell\u2019affascinante mondo delle spezie, dei t\u00e8 e degli infusi...<\/p><div class=\"q_masonry_blog_post_info\"><span itemprop=\"dateCreated\" class=\"time entry_date updated\">12 April, 2018<meta itemprop=\"interactionCount\" content=\"UserComments: <?php echo get_comments_number(qode_get_page_id()); ?>\"\/><\/span><\/div><\/div><\/article><article  class='post-16418 post type-post status-publish format-standard has-post-thumbnail hentry category-fiere-e-manifestazioni category-prodotti-e-degustazioni category-ricette-e-cooking-show '><div class=\"q_masonry_blog_post_image\"><a itemprop=\"url\" href=\"https:\/\/www.caseificiocastellan.it\/en\/spezie-te-infusi\/\" target=\"_self\"><img decoding=\"async\" itemprop=\"image\" src=\"https:\/\/www.caseificiocastellan.it\/wp-content\/uploads\/2018\/04\/1A-insolito-formaggio-retro-cartolina-MODIFICA-29-MARZO.jpg\" \/><\/a><\/div><div class=\"q_masonry_blog_post_text\"><h5 itemprop=\"name\" class=\"q_masonry_blog_title entry_title\"><a itemprop=\"url\" href=\"https:\/\/www.caseificiocastellan.it\/en\/spezie-te-infusi\/\">La primavera nel piatto. Erbe, erbette e formaggi freschi.<\/a><\/h5><p itemprop=\"description\" class=\"q_masonry_blog_excerpt\">Secondo incontro tematico di storia, cucina e gusto. Scopriremo erbe, erbette spontanee e formaggi freschi con la cuoca Anna Maria Pellegrino. Marco Zuin ci parler\u00e0 del latte delle sue capre...<\/p><div class=\"q_masonry_blog_post_info\"><span itemprop=\"dateCreated\" class=\"time entry_date updated\">29 March, 2018<meta itemprop=\"interactionCount\" content=\"UserComments: <?php echo get_comments_number(qode_get_page_id()); ?>\"\/><\/span><\/div><\/div><\/article><article  class='post-16426 post type-post status-publish format-standard has-post-thumbnail hentry category-fiere-e-manifestazioni category-prodotti-e-degustazioni category-ricette-e-cooking-show '><div class=\"q_masonry_blog_post_image\"><a itemprop=\"url\" href=\"https:\/\/www.caseificiocastellan.it\/en\/caseificio-castellan-urbano-a-assaporando-cison\/\" target=\"_self\"><img decoding=\"async\" itemprop=\"image\" src=\"https:\/\/www.caseificiocastellan.it\/wp-content\/uploads\/2018\/03\/assaporando-cison.jpg\" \/><\/a><\/div><div class=\"q_masonry_blog_post_text\"><h5 itemprop=\"name\" class=\"q_masonry_blog_title entry_title\"><a itemprop=\"url\" href=\"https:\/\/www.caseificiocastellan.it\/en\/caseificio-castellan-urbano-a-assaporando-cison\/\">Caseificio Castellan Urbano a Assaporando Cison<\/a><\/h5><p itemprop=\"description\" class=\"q_masonry_blog_excerpt\">Una manifestazione all\u2019insegna del Gusto e dei Sapori, valorizzando le eccellenze italiane...<\/p><div class=\"q_masonry_blog_post_info\"><span itemprop=\"dateCreated\" class=\"time entry_date updated\">14 March, 2018<meta itemprop=\"interactionCount\" content=\"UserComments: <?php echo get_comments_number(qode_get_page_id()); ?>\"\/><\/span><\/div><\/div><\/article><article  class='post-4658 post type-post status-publish format-standard has-post-thumbnail hentry category-press '><div class=\"q_masonry_blog_post_image\"><a itemprop=\"url\" href=\"https:\/\/www.caseificiocastellan.it\/en\/attribuzione-rating-di-legalita\/\" target=\"_self\"><img decoding=\"async\" itemprop=\"image\" src=\"https:\/\/www.caseificiocastellan.it\/wp-content\/uploads\/2018\/02\/Rating-Legalit\u00e0-Caseificio-Castellan-Urbano.jpg\" \/><\/a><\/div><div class=\"q_masonry_blog_post_text\"><h5 itemprop=\"name\" class=\"q_masonry_blog_title entry_title\"><a itemprop=\"url\" href=\"https:\/\/www.caseificiocastellan.it\/en\/attribuzione-rating-di-legalita\/\">Attribuzione rating di legalit\u00e0 al Caseificio Castellan Urbano<\/a><\/h5><p itemprop=\"description\" class=\"q_masonry_blog_excerpt\">[vc_row css_animation=&#8221;&#8221; row_type=&#8221;row&#8221; use_row_as_full_screen_section=&#8221;no&#8221; type=&#8221;full_width&#8221; angled_section=&#8221;no&#8221; text_align=&#8221;left&#8221; background_image_as_pattern=&#8221;without_pattern&#8221; css=&#8221;.vc_custom_1543479051360{background-color: #f6f6f6 !important;}&#8221; z_index=&#8221;&#8221;][vc_column][vc_single_image image=&#8221;18854&#8243; img_size=&#8221;full&#8221; alignment=&#8221;center&#8221; qode_css_animation=&#8221;&#8221;][\/vc_column][\/vc_row]...<\/p><div class=\"q_masonry_blog_post_info\"><span itemprop=\"dateCreated\" class=\"time entry_date updated\">15 February, 2018<meta itemprop=\"interactionCount\" content=\"UserComments: <?php echo get_comments_number(qode_get_page_id()); ?>\"\/><\/span><\/div><\/div><\/article><article  class='post-4638 post type-post status-publish format-standard has-post-thumbnail hentry category-fiere-e-manifestazioni category-prodotti-e-degustazioni category-ricette-e-cooking-show '><div class=\"q_masonry_blog_post_image\"><a itemprop=\"url\" href=\"https:\/\/www.caseificiocastellan.it\/en\/storia-del-formaggio\/\" target=\"_self\"><img decoding=\"async\" itemprop=\"image\" src=\"https:\/\/www.caseificiocastellan.it\/wp-content\/uploads\/2018\/02\/1-insolito-formaggio-cartolina.jpg\" \/><\/a><\/div><div class=\"q_masonry_blog_post_text\"><h5 itemprop=\"name\" class=\"q_masonry_blog_title entry_title\"><a itemprop=\"url\" href=\"https:\/\/www.caseificiocastellan.it\/en\/storia-del-formaggio\/\">Storia del formaggio<\/a><\/h5><p itemprop=\"description\" class=\"q_masonry_blog_excerpt\">Il primo di 3 incontri tematici di storia, cucina e gusto. Il Prof. Danilo Gasparini (docente di Storia dell\u2019Agricoltura e dell\u2019Alimentazione all\u2019Universit\u00e0 di Padova) ci racconter\u00e0 la storia del formaggio...<\/p><div class=\"q_masonry_blog_post_info\"><span itemprop=\"dateCreated\" class=\"time entry_date updated\">05 February, 2018<meta itemprop=\"interactionCount\" content=\"UserComments: <?php echo get_comments_number(qode_get_page_id()); ?>\"\/><\/span><\/div><\/div><\/article><article  class='post-4649 post type-post status-publish format-standard has-post-thumbnail hentry category-fiere-e-manifestazioni category-prodotti-e-degustazioni '><div class=\"q_masonry_blog_post_image\"><a itemprop=\"url\" href=\"https:\/\/www.caseificiocastellan.it\/en\/degustazione-formaggi-castellan-allo-stadio-mercante-di-bassano-del-grappa\/\" target=\"_self\"><img decoding=\"async\" itemprop=\"image\" src=\"https:\/\/www.caseificiocastellan.it\/wp-content\/uploads\/2018\/02\/Incontro-ad-alto-contenuto-calcio-caseificio-castellan-bassano-virtus.jpg\" \/><\/a><\/div><div class=\"q_masonry_blog_post_text\"><h5 itemprop=\"name\" class=\"q_masonry_blog_title entry_title\"><a itemprop=\"url\" href=\"https:\/\/www.caseificiocastellan.it\/en\/degustazione-formaggi-castellan-allo-stadio-mercante-di-bassano-del-grappa\/\">Degustazione formaggi Castellan allo stadio Mercante di Bassano del Grappa<\/a><\/h5><p itemprop=\"description\" class=\"q_masonry_blog_excerpt\">Un\u2019esperienza sportiva e gastronomica esclusiva che metter\u00e0 insieme la passione per lo sport, il divertimento, l\u2019amicizia e il piacere del buon cibo...<\/p><div class=\"q_masonry_blog_post_info\"><span itemprop=\"dateCreated\" class=\"time entry_date updated\">01 February, 2018<meta itemprop=\"interactionCount\" content=\"UserComments: <?php echo get_comments_number(qode_get_page_id()); ?>\"\/><\/span><\/div><\/div><\/article><article  class='post-4642 post type-post status-publish format-standard has-post-thumbnail hentry category-fiere-e-manifestazioni '><div class=\"q_masonry_blog_post_image\"><a itemprop=\"url\" href=\"https:\/\/www.caseificiocastellan.it\/en\/estrazione-vinci-i-giallorossi\/\" target=\"_self\"><img decoding=\"async\" itemprop=\"image\" src=\"https:\/\/www.caseificiocastellan.it\/wp-content\/uploads\/2018\/01\/Ospiti-Bassano-Virtus-cover.jpg\" \/><\/a><\/div><div class=\"q_masonry_blog_post_text\"><h5 itemprop=\"name\" class=\"q_masonry_blog_title entry_title\"><a itemprop=\"url\" href=\"https:\/\/www.caseificiocastellan.it\/en\/estrazione-vinci-i-giallorossi\/\">Estrazione VINCI I GIALLOROSSI<\/a><\/h5><p itemprop=\"description\" class=\"q_masonry_blog_excerpt\">Estrazione dei vincitori dei due biglietti in Tribuna Premium, della maglia e della sciarpa ufficiali Bassano Virtus 55 Soccer Team. Appuntamento gioved\u00ec 1 febbraio alle 18.30 al Caseificio Castellan Urbano in via Giotto 24 a Ros\u00e0...<\/p><div class=\"q_masonry_blog_post_info\"><span itemprop=\"dateCreated\" class=\"time entry_date updated\">31 January, 2018<meta itemprop=\"interactionCount\" content=\"UserComments: <?php echo get_comments_number(qode_get_page_id()); ?>\"\/><\/span><\/div><\/div><\/article><article  class='post-4634 post type-post status-publish format-standard has-post-thumbnail hentry category-fiere-e-manifestazioni '><div class=\"q_masonry_blog_post_image\"><a itemprop=\"url\" href=\"https:\/\/www.caseificiocastellan.it\/en\/concorso-vinci-i-giallorossi\/\" target=\"_self\"><img decoding=\"async\" itemprop=\"image\" src=\"https:\/\/www.caseificiocastellan.it\/wp-content\/uploads\/2018\/01\/Concorso-vinci-i-giallorossi.jpg\" \/><\/a><\/div><div class=\"q_masonry_blog_post_text\"><h5 itemprop=\"name\" class=\"q_masonry_blog_title entry_title\"><a itemprop=\"url\" href=\"https:\/\/www.caseificiocastellan.it\/en\/concorso-vinci-i-giallorossi\/\">Concorso VINCI I GIALLOROSSI<\/a><\/h5><p itemprop=\"description\" class=\"q_masonry_blog_excerpt\">Vieni a trovarci al Punto Vendita Castellan in via Giotto 24 a Travettore di Ros\u00e0 e compila la cartolina di partecipazione...<\/p><div class=\"q_masonry_blog_post_info\"><span itemprop=\"dateCreated\" class=\"time entry_date updated\">26 January, 2018<meta itemprop=\"interactionCount\" content=\"UserComments: <?php echo get_comments_number(qode_get_page_id()); ?>\"\/><\/span><\/div><\/div><\/article><article  class='post-4631 post type-post status-publish format-standard has-post-thumbnail hentry category-fiere-e-manifestazioni category-prodotti-e-degustazioni '><div class=\"q_masonry_blog_post_image\"><a itemprop=\"url\" href=\"https:\/\/www.caseificiocastellan.it\/en\/una-novita-giallorossa\/\" target=\"_self\"><img decoding=\"async\" itemprop=\"image\" src=\"https:\/\/www.caseificiocastellan.it\/wp-content\/uploads\/2018\/01\/Walter-Milani-casaro-Caseificio-Castellan-Urbano-.jpg\" \/><\/a><\/div><div class=\"q_masonry_blog_post_text\"><h5 itemprop=\"name\" class=\"q_masonry_blog_title entry_title\"><a itemprop=\"url\" href=\"https:\/\/www.caseificiocastellan.it\/en\/una-novita-giallorossa\/\">Una novit\u00e0 giallorossa<\/a><\/h5><p itemprop=\"description\" class=\"q_masonry_blog_excerpt\">Walter, il nostro casaro. Perch\u00e8 indossa la maglia del Bassano Virtus Soccer Team? Lo scopriremo prestissimo...<\/p><div class=\"q_masonry_blog_post_info\"><span itemprop=\"dateCreated\" class=\"time entry_date updated\">25 January, 2018<meta itemprop=\"interactionCount\" content=\"UserComments: <?php echo get_comments_number(qode_get_page_id()); ?>\"\/><\/span><\/div><\/div><\/article><article  class='post-4343 post type-post status-publish format-standard has-post-thumbnail hentry category-prodotti-e-degustazioni category-ricette-e-cooking-show '><div class=\"q_masonry_blog_post_image\"><a itemprop=\"url\" href=\"https:\/\/www.caseificiocastellan.it\/en\/pomeriggio-in-degustazione\/\" target=\"_self\"><img decoding=\"async\" itemprop=\"image\" src=\"https:\/\/www.caseificiocastellan.it\/wp-content\/uploads\/2017\/11\/pomeriggio-in-degustazione-1-web.jpg\" \/><\/a><\/div><div class=\"q_masonry_blog_post_text\"><h5 itemprop=\"name\" class=\"q_masonry_blog_title entry_title\"><a itemprop=\"url\" href=\"https:\/\/www.caseificiocastellan.it\/en\/pomeriggio-in-degustazione\/\">Pomeriggio in degustazione<\/a><\/h5><p itemprop=\"description\" class=\"q_masonry_blog_excerpt\">Si rinnova anche quest\u2019anno il tradizionale appuntamento pre-natalizio del Punto Vendita Castellan a Ros\u00e0...<\/p><div class=\"q_masonry_blog_post_info\"><span itemprop=\"dateCreated\" class=\"time entry_date updated\">15 November, 2017<meta itemprop=\"interactionCount\" content=\"UserComments: <?php echo get_comments_number(qode_get_page_id()); ?>\"\/><\/span><\/div><\/div><\/article><article  class='post-4164 post type-post status-publish format-standard has-post-thumbnail hentry category-fiere-e-manifestazioni '><div class=\"q_masonry_blog_post_image\"><a itemprop=\"url\" href=\"https:\/\/www.caseificiocastellan.it\/en\/caseificio-castellan-urbano-a-formaggitalia-2017\/\" target=\"_self\"><img decoding=\"async\" itemprop=\"image\" src=\"https:\/\/www.caseificiocastellan.it\/wp-content\/uploads\/2017\/10\/Save-the-Date-FormaggItalia-2017.jpg\" \/><\/a><\/div><div class=\"q_masonry_blog_post_text\"><h5 itemprop=\"name\" class=\"q_masonry_blog_title entry_title\"><a itemprop=\"url\" href=\"https:\/\/www.caseificiocastellan.it\/en\/caseificio-castellan-urbano-a-formaggitalia-2017\/\">Caseificio Castellan Urbano a FormaggItalia 2017<\/a><\/h5><p itemprop=\"description\" class=\"q_masonry_blog_excerpt\">Oltre 40 produttori, espressione delle centinaia di tipologie di formaggio prodotte in Italia, esibiranno nei tre giorni i loro prodotti che potranno essere assaggiati, acquistati e degustati assieme ai Maestri Assaggiatori di ONAF...<\/p><div class=\"q_masonry_blog_post_info\"><span itemprop=\"dateCreated\" class=\"time entry_date updated\">21 October, 2017<meta itemprop=\"interactionCount\" content=\"UserComments: <?php echo get_comments_number(qode_get_page_id()); ?>\"\/><\/span><\/div><\/div><\/article><article  class='post-4347 post type-post status-publish format-standard has-post-thumbnail hentry category-prodotti-e-degustazioni category-ricette-e-cooking-show '><div class=\"q_masonry_blog_post_image\"><a itemprop=\"url\" href=\"https:\/\/www.caseificiocastellan.it\/en\/formaggio-e-assaggio\/\" target=\"_self\"><img decoding=\"async\" itemprop=\"image\" src=\"https:\/\/www.caseificiocastellan.it\/wp-content\/uploads\/2017\/10\/cartolina-punto-vendita-castellan.jpg\" \/><\/a><\/div><div class=\"q_masonry_blog_post_text\"><h5 itemprop=\"name\" class=\"q_masonry_blog_title entry_title\"><a itemprop=\"url\" href=\"https:\/\/www.caseificiocastellan.it\/en\/formaggio-e-assaggio\/\">Il formaggio e l&#8217;assaggio di qualit\u00e0: sensazioni, gusto e conoscenza<\/a><\/h5><p itemprop=\"description\" class=\"q_masonry_blog_excerpt\">Giancarlo Andretta (maestro assaggiatore ONAF) ci introdurr\u00e0 a scoprire nuove forme di degustazione di formaggio, assaporandone gli aromi contenuti e stimolandovi in una nuova esperienza olfattiva, il tutto accompagnato da vino e marmellate d\u2019eccellenza...<\/p><div class=\"q_masonry_blog_post_info\"><span itemprop=\"dateCreated\" class=\"time entry_date updated\">17 October, 2017<meta itemprop=\"interactionCount\" content=\"UserComments: <?php echo get_comments_number(qode_get_page_id()); ?>\"\/><\/span><\/div><\/div><\/article><article  class='post-4186 post type-post status-publish format-standard has-post-thumbnail hentry category-fiere-e-manifestazioni '><div class=\"q_masonry_blog_post_image\"><a itemprop=\"url\" href=\"https:\/\/www.caseificiocastellan.it\/en\/caseificio-castellan-urbano-fornitore-ufficiale-cmp-trail\/\" target=\"_self\"><img decoding=\"async\" itemprop=\"image\" src=\"https:\/\/www.caseificiocastellan.it\/wp-content\/uploads\/2017\/10\/cmp-castellan.jpg\" \/><\/a><\/div><div class=\"q_masonry_blog_post_text\"><h5 itemprop=\"name\" class=\"q_masonry_blog_title entry_title\"><a itemprop=\"url\" href=\"https:\/\/www.caseificiocastellan.it\/en\/caseificio-castellan-urbano-fornitore-ufficiale-cmp-trail\/\">Caseificio Castellan Urbano fornitore ufficiale CMP Trail<\/a><\/h5><p itemprop=\"description\" class=\"q_masonry_blog_excerpt\">Una suggestiva domenica di sport a Bassano del Grappa, tra le sue colline e i suoi vigneti...<\/p><div class=\"q_masonry_blog_post_info\"><span itemprop=\"dateCreated\" class=\"time entry_date updated\">08 October, 2017<meta itemprop=\"interactionCount\" content=\"UserComments: <?php echo get_comments_number(qode_get_page_id()); ?>\"\/><\/span><\/div><\/div><\/article><article  class='post-4223 post type-post status-publish format-standard has-post-thumbnail hentry category-fiere-e-manifestazioni '><div class=\"q_masonry_blog_post_image\"><a itemprop=\"url\" href=\"https:\/\/www.caseificiocastellan.it\/en\/caseus-veneti-due-podi-per-il-caseificio-castellan-urbano-la-caciotta-prima-classificata\/\" target=\"_self\"><img decoding=\"async\" itemprop=\"image\" src=\"https:\/\/www.caseificiocastellan.it\/wp-content\/uploads\/2017\/09\/Castellan-Caciotta-Veneta-medaglia-doro-Caseus-Veneti-2017.jpg\" \/><\/a><\/div><div class=\"q_masonry_blog_post_text\"><h5 itemprop=\"name\" class=\"q_masonry_blog_title entry_title\"><a itemprop=\"url\" href=\"https:\/\/www.caseificiocastellan.it\/en\/caseus-veneti-due-podi-per-il-caseificio-castellan-urbano-la-caciotta-prima-classificata\/\">Caseus Veneti: due podi per il Caseificio Castellan Urbano. La Caciotta prima classificata.<\/a><\/h5><p itemprop=\"description\" class=\"q_masonry_blog_excerpt\">Primo premio tra i \u201cFormaggi a pasta molle con crosta\u201d per la Caciotta Veneta Castellan, ottenuta da latte vaccino pastorizzato e caratterizzata dal sapore fresco e leggermente salato...<\/p><div class=\"q_masonry_blog_post_info\"><span itemprop=\"dateCreated\" class=\"time entry_date updated\">24 September, 2017<meta itemprop=\"interactionCount\" content=\"UserComments: <?php echo get_comments_number(qode_get_page_id()); ?>\"\/><\/span><\/div><\/div><\/article><article  class='post-4179 post type-post status-publish format-standard has-post-thumbnail hentry category-fiere-e-manifestazioni '><div class=\"q_masonry_blog_post_image\"><a itemprop=\"url\" href=\"https:\/\/www.caseificiocastellan.it\/en\/caseus-veneti-2017\/\" target=\"_self\"><img decoding=\"async\" itemprop=\"image\" src=\"https:\/\/www.caseificiocastellan.it\/wp-content\/uploads\/2017\/09\/Invito-Caseus-2017.jpg\" \/><\/a><\/div><div class=\"q_masonry_blog_post_text\"><h5 itemprop=\"name\" class=\"q_masonry_blog_title entry_title\"><a itemprop=\"url\" href=\"https:\/\/www.caseificiocastellan.it\/en\/caseus-veneti-2017\/\">Caseus Veneti 2017<\/a><\/h5><p itemprop=\"description\" class=\"q_masonry_blog_excerpt\">Vi aspettiamo questo fine settimana a Villa Contarini a Piazzola sul Brenta per scoprire insieme tutte le bont\u00e0 del nostro Caseificio...<\/p><div class=\"q_masonry_blog_post_info\"><span itemprop=\"dateCreated\" class=\"time entry_date updated\">12 September, 2017<meta itemprop=\"interactionCount\" content=\"UserComments: <?php echo get_comments_number(qode_get_page_id()); ?>\"\/><\/span><\/div><\/div><\/article><article  class='post-3461 post type-post status-publish format-standard has-post-thumbnail hentry category-fiere-e-manifestazioni '><div class=\"q_masonry_blog_post_image\"><a itemprop=\"url\" href=\"https:\/\/www.caseificiocastellan.it\/en\/caseus-veneti-2016\/\" target=\"_self\"><img decoding=\"async\" itemprop=\"image\" src=\"https:\/\/www.caseificiocastellan.it\/wp-content\/uploads\/2013\/10\/caseus_veneti_2016_1.jpg\" \/><\/a><\/div><div class=\"q_masonry_blog_post_text\"><h5 itemprop=\"name\" class=\"q_masonry_blog_title entry_title\"><a itemprop=\"url\" href=\"https:\/\/www.caseificiocastellan.it\/en\/caseus-veneti-2016\/\">Altra medaglia d&#8217;oro per lo Stracchino Castellan al CASEUS VENETI 2016<\/a><\/h5><p itemprop=\"description\" class=\"q_masonry_blog_excerpt\">La giuria di esperti Onaf ha decretato il nostro stracchino qualit\u00e0 oro, per la seconda volta in due anni, il migliore del Veneto a Caseus Veneti...<\/p><div class=\"q_masonry_blog_post_info\"><span itemprop=\"dateCreated\" class=\"time entry_date updated\">25 September, 2016<meta itemprop=\"interactionCount\" content=\"UserComments: <?php echo get_comments_number(qode_get_page_id()); ?>\"\/><\/span><\/div><\/div><\/article><article  class='post-3247 post type-post status-publish format-standard has-post-thumbnail hentry category-fiere-e-manifestazioni '><div class=\"q_masonry_blog_post_image\"><a itemprop=\"url\" href=\"https:\/\/www.caseificiocastellan.it\/en\/stracchino-castellan-primo-posto-italian-cheese-awards-2016\/\" target=\"_self\"><img decoding=\"async\" itemprop=\"image\" src=\"https:\/\/www.caseificiocastellan.it\/wp-content\/uploads\/2013\/10\/Oscar2016_Castellan.jpg\" \/><\/a><\/div><div class=\"q_masonry_blog_post_text\"><h5 itemprop=\"name\" class=\"q_masonry_blog_title entry_title\"><a itemprop=\"url\" href=\"https:\/\/www.caseificiocastellan.it\/en\/stracchino-castellan-primo-posto-italian-cheese-awards-2016\/\">Lo Stracchino Castellan al Primo posto sul podio dell&#8217;ITALIAN CHEESE AWARDS 2016<\/a><\/h5><p itemprop=\"description\" class=\"q_masonry_blog_excerpt\">Per la seconda volta stringiamo tra le mani l\u2019Oscar per il nostro Stracchino...<\/p><div class=\"q_masonry_blog_post_info\"><span itemprop=\"dateCreated\" class=\"time entry_date updated\">18 April, 2016<meta itemprop=\"interactionCount\" content=\"UserComments: <?php echo get_comments_number(qode_get_page_id()); ?>\"\/><\/span><\/div><\/div><\/article><article  class='post-3241 post type-post status-publish format-standard has-post-thumbnail hentry category-fiere-e-manifestazioni '><div class=\"q_masonry_blog_post_image\"><\/div><div class=\"q_masonry_blog_post_text\"><h5 itemprop=\"name\" class=\"q_masonry_blog_title entry_title\"><a itemprop=\"url\" href=\"https:\/\/www.caseificiocastellan.it\/en\/italian-cheese-awards-2016-lo-stracchino-castellan-di-nuovo-in-finale\/\">ITALIAN CHEESE AWARDS 2016: lo Stracchino Castellan \u00e8 di nuovo in finale!<\/a><\/h5><p itemprop=\"description\" class=\"q_masonry_blog_excerpt\">...<\/p><div class=\"q_masonry_blog_post_info\"><span itemprop=\"dateCreated\" class=\"time entry_date updated\">13 April, 2016<meta itemprop=\"interactionCount\" content=\"UserComments: <?php echo get_comments_number(qode_get_page_id()); ?>\"\/><\/span><\/div><\/div><\/article><article  class='post-2910 post type-post status-publish format-standard has-post-thumbnail hentry category-fiere-e-manifestazioni '><div class=\"q_masonry_blog_post_image\"><a itemprop=\"url\" href=\"https:\/\/www.caseificiocastellan.it\/en\/italian-cheese-awards-2015-uno-stracchino-da-oscar\/\" target=\"_self\"><img decoding=\"async\" itemprop=\"image\" src=\"https:\/\/www.caseificiocastellan.it\/wp-content\/uploads\/2013\/10\/TG5-Caseificio-Castellan-Italian-Cheese-Awards-2015.jpg\" \/><\/a><\/div><div class=\"q_masonry_blog_post_text\"><h5 itemprop=\"name\" class=\"q_masonry_blog_title entry_title\"><a itemprop=\"url\" href=\"https:\/\/www.caseificiocastellan.it\/en\/italian-cheese-awards-2015-uno-stracchino-da-oscar\/\">ITALIAN CHEESE AWARDS 2015: uno Stracchino da Oscar!<\/a><\/h5><p itemprop=\"description\" class=\"q_masonry_blog_excerpt\">Primo Premio nella categoria \u201cFresco\u201d per il migliore stracchino...<\/p><div class=\"q_masonry_blog_post_info\"><span itemprop=\"dateCreated\" class=\"time entry_date updated\">17 April, 2015<meta itemprop=\"interactionCount\" content=\"UserComments: <?php echo get_comments_number(qode_get_page_id()); ?>\"\/><\/span><\/div><\/div><\/article><article  class='post-2826 post type-post status-publish format-standard has-post-thumbnail hentry category-fiere-e-manifestazioni '><div class=\"q_masonry_blog_post_image\"><a itemprop=\"url\" href=\"https:\/\/www.caseificiocastellan.it\/en\/lo-stracchino-piu-buono-del-veneto\/\" target=\"_self\"><img decoding=\"async\" itemprop=\"image\" src=\"https:\/\/www.caseificiocastellan.it\/wp-content\/uploads\/2013\/10\/caseus_veneti_caseificio_castellan_3.jpg\" \/><\/a><\/div><div class=\"q_masonry_blog_post_text\"><h5 itemprop=\"name\" class=\"q_masonry_blog_title entry_title\"><a itemprop=\"url\" href=\"https:\/\/www.caseificiocastellan.it\/en\/lo-stracchino-piu-buono-del-veneto\/\">CASEUS VENETI 2014 &#8211; Lo Stracchino pi\u00f9 buono del Veneto<\/a><\/h5><p itemprop=\"description\" class=\"q_masonry_blog_excerpt\">Il maggiore riconoscimento alla decima edizione di \u201cCaseus Veneti\u201d, rassegna rivolta alla eccellenza dei formaggi DOP del Veneto...<\/p><div class=\"q_masonry_blog_post_info\"><span itemprop=\"dateCreated\" class=\"time entry_date updated\">10 October, 2014<meta itemprop=\"interactionCount\" content=\"UserComments: <?php echo get_comments_number(qode_get_page_id()); ?>\"\/><\/span><\/div><\/div><\/article><\/div>[\/vc_column][\/vc_row]<\/p>","protected":false},"excerpt":{"rendered":"<p>[vc_row css_animation=&#8221;&#8221; row_type=&#8221;row&#8221; use_row_as_full_screen_section=&#8221;no&#8221; type=&#8221;full_width&#8221; angled_section=&#8221;no&#8221; text_align=&#8221;left&#8221; background_image_as_pattern=&#8221;without_pattern&#8221; z_index=&#8221;&#8221; css=&#8221;.vc_custom_1547052317407{background-color: #ffffff !important;}&#8221;][vc_column][\/vc_column][\/vc_row]<\/p>\n","protected":false},"author":1,"featured_media":0,"parent":0,"menu_order":0,"comment_status":"closed","ping_status":"closed","template":"","meta":{"wprm-recipe-roundup-name":"","wprm-recipe-roundup-description":"","_exactmetrics_skip_tracking":false,"_exactmetrics_sitenote_active":false,"_exactmetrics_sitenote_note":"","_exactmetrics_sitenote_category":0,"footnotes":""},"_links":{"self":[{"href":"https:\/\/www.caseificiocastellan.it\/en\/wp-json\/wp\/v2\/pages\/1815"}],"collection":[{"href":"https:\/\/www.caseificiocastellan.it\/en\/wp-json\/wp\/v2\/pages"}],"about":[{"href":"https:\/\/www.caseificiocastellan.it\/en\/wp-json\/wp\/v2\/types\/page"}],"author":[{"embeddable":true,"href":"https:\/\/www.caseificiocastellan.it\/en\/wp-json\/wp\/v2\/users\/1"}],"replies":[{"embeddable":true,"href":"https:\/\/www.caseificiocastellan.it\/en\/wp-json\/wp\/v2\/comments?post=1815"}],"version-history":[{"count":20,"href":"https:\/\/www.caseificiocastellan.it\/en\/wp-json\/wp\/v2\/pages\/1815\/revisions"}],"predecessor-version":[{"id":20192,"href":"https:\/\/www.caseificiocastellan.it\/en\/wp-json\/wp\/v2\/pages\/1815\/revisions\/20192"}],"wp:attachment":[{"href":"https:\/\/www.caseificiocastellan.it\/en\/wp-json\/wp\/v2\/media?parent=1815"}],"curies":[{"name":"wp","href":"https:\/\/api.w.org\/{rel}","templated":true}]}}